{"id":2869,"date":"2025-02-21T12:04:49","date_gmt":"2025-02-21T11:04:49","guid":{"rendered":"https:\/\/www.leschevrefeuilles.com\/veelgestelde-vragen-camping-royan\/"},"modified":"2025-02-21T12:22:53","modified_gmt":"2025-02-21T11:22:53","slug":"veelgestelde-vragen-camping-royan","status":"publish","type":"page","link":"https:\/\/www.leschevrefeuilles.com\/nl\/veelgestelde-vragen-camping-royan\/","title":{"rendered":"FAQ"},"content":{"rendered":"\n<div class=\"wp-block-cover\"><span aria-hidden=\"true\" class=\"wp-block-cover__gradient-background has-background-dim\"><\/span><img width=\"1600\" height=\"900\" class=\"wp-block-cover__image-background wp-image-1139\" alt=\"kamperen in Royan drone\" src=\"https:\/\/www.leschevrefeuilles.com\/wp-content\/uploads\/2023\/04\/chevrefeuilles.jpg\" data-object-fit=\"cover\" srcset=\"https:\/\/www.leschevrefeuilles.com\/wp-content\/uploads\/2023\/04\/chevrefeuilles.jpg 1600w, https:\/\/www.leschevrefeuilles.com\/wp-content\/uploads\/2023\/04\/chevrefeuilles-300x169.jpg 300w, https:\/\/www.leschevrefeuilles.com\/wp-content\/uploads\/2023\/04\/chevrefeuilles-1024x576.jpg 1024w, https:\/\/www.leschevrefeuilles.com\/wp-content\/uploads\/2023\/04\/chevrefeuilles-768x432.jpg 768w, https:\/\/www.leschevrefeuilles.com\/wp-content\/uploads\/2023\/04\/chevrefeuilles-1536x864.jpg 1536w\" sizes=\"(max-width: 1600px) 100vw, 1600px\" \/><div class=\"wp-block-cover__inner-container\">\n<p class=\"has-text-align-center has-large-font-size\"><\/p>\n<\/div><\/div>\n\n\n\n<h1 class=\"has-text-align-center\" id=\"foire-aux-questions-du-camping-a-royan\"><em>Veelgestelde vragen<\/em> over kamperen in Royan<\/h1>\n\n\n\n<p class=\"has-text-align-center\">Bekijk alle veelgestelde vragen over onze <a href=\"https:\/\/www.leschevrefeuilles.com\/nl\/\">4-sterren camping in Royan, Charente-Maritime<\/a>. Je vindt er informatie over onze accommodatie, diensten, activiteiten en lokale voorzieningen.  <\/p>\n\n\n\n<p class=\"has-text-align-center\">Als je nog vragen hebt, aarzel dan niet om contact met ons op te nemen per telefoon op <a href=\"tel:+33546026194\">05 46 02 61 94<\/a> of per e-mail op <a href=\"mailto:contact@leschevrefeuilles.com\">contact@leschevrefeuilles.com<\/a>.<\/p>\n\n\n\r\n    <section class=\"faq\">\r\n      \r\n\t    <div class=\"faq__searchbar\">\r\n            <input type=\"text\" autocomplete=\"off\" placeholder=\"Rechercher une question...\" id=\"searchBar\">\r\n            <span class=\"faq__searchbar__reset\"><svg xmlns=\"http:\/\/www.w3.org\/2000\/svg\" viewBox=\"0 0 512 512\"><path d=\"M256 512A256 256 0 1 0 256 0a256 256 0 1 0 0 512zM175 175c9.4-9.4 24.6-9.4 33.9 0l47 47 47-47c9.4-9.4 24.6-9.4 33.9 0s9.4 24.6 0 33.9l-47 47 47 47c9.4 9.4 9.4 24.6 0 33.9s-24.6 9.4-33.9 0l-47-47-47 47c-9.4 9.4-24.6 9.4-33.9 0s-9.4-24.6 0-33.9l47-47-47-47c-9.4-9.4-9.4-24.6 0-33.9z\"\/><\/svg><\/span>\r\n        <\/div>\r\n\r\n        <div class=\"faq__filtres\">\r\n            <div class=\"faq__filtres__item\">\r\n                <input type=\"radio\" id=\"tout\" name=\"filtres-faq\" checked\/>\r\n                <label for=\"tout\">Tout<\/label>\r\n            <\/div>\r\n\r\n             \r\n                <div class=\"faq__filtres__item\">\r\n                    <input type=\"radio\" id=\"reserveren\" name=\"filtres-faq\"\/>\r\n                    <label for=\"reserveren\">Reserveren<\/label>\r\n                <\/div>\r\n             \r\n                <div class=\"faq__filtres__item\">\r\n                    <input type=\"radio\" id=\"blijf\" name=\"filtres-faq\"\/>\r\n                    <label for=\"blijf\">Blijf<\/label>\r\n                <\/div>\r\n             \r\n                <div class=\"faq__filtres__item\">\r\n                    <input type=\"radio\" id=\"huurwoningen\" name=\"filtres-faq\"\/>\r\n                    <label for=\"huurwoningen\">Huurwoningen<\/label>\r\n                <\/div>\r\n             \r\n                <div class=\"faq__filtres__item\">\r\n                    <input type=\"radio\" id=\"kampeerplaats\" name=\"filtres-faq\"\/>\r\n                    <label for=\"kampeerplaats\">Kampeerplaats <\/label>\r\n                <\/div>\r\n             \r\n                <div class=\"faq__filtres__item\">\r\n                    <input type=\"radio\" id=\"zwembad\" name=\"filtres-faq\"\/>\r\n                    <label for=\"zwembad\">Zwembad<\/label>\r\n                <\/div>\r\n             \r\n                <div class=\"faq__filtres__item\">\r\n                    <input type=\"radio\" id=\"diensten-en-evenementen\" name=\"filtres-faq\"\/>\r\n                    <label for=\"diensten-en-evenementen\">Diensten en evenementen<\/label>\r\n                <\/div>\r\n             \r\n                <div class=\"faq__filtres__item\">\r\n                    <input type=\"radio\" id=\"omgeving\" name=\"filtres-faq\"\/>\r\n                    <label for=\"omgeving\">Omgeving<\/label>\r\n                <\/div>\r\n             \r\n                <div class=\"faq__filtres__item\">\r\n                    <input type=\"radio\" id=\"diverse\" name=\"filtres-faq\"\/>\r\n                    <label for=\"diverse\">Diverse<\/label>\r\n                <\/div>\r\n                    <\/div>\r\n\r\n        \r\n\r\n                <div class=\"faq__item\" data-cat=\"reserveren\" data-track=\"question-accepteert-u-vakantiebonnen\">\r\n                    <div class=\"faq__item__question\">\r\n                        <p>Accepteert u vakantiebonnen ?<\/p>\n                    <\/div>\r\n\r\n                    <div class=\"faq__item__reponse\">\r\n                        <p><span data-sheets-root=\"1\" data-sheets-value=\"{\"1\":2,\"2\":\"Oui, les bons vacances et ch\u00e8ques vacances sont accept\u00e9s.\"}\" data-sheets-userformat=\"{\"2\":7101,\"3\":{\"1\":0},\"5\":{\"1\":[{\"1\":2,\"2\":0,\"5\":{\"1\":2,\"2\":9221625}},{\"1\":0,\"2\":0,\"3\":3},{\"1\":1,\"2\":0,\"4\":1}]},\"6\":{\"1\":[{\"1\":2,\"2\":0,\"5\":{\"1\":2,\"2\":9221625}},{\"1\":0,\"2\":0,\"3\":3},{\"1\":1,\"2\":0,\"4\":1}]},\"7\":{\"1\":[{\"1\":2,\"2\":0,\"5\":{\"1\":2,\"2\":0}},{\"1\":0,\"2\":0,\"3\":3},{\"1\":1,\"2\":0,\"4\":1}]},\"8\":{\"1\":[{\"1\":2,\"2\":0,\"5\":{\"1\":2,\"2\":0}},{\"1\":0,\"2\":0,\"3\":3},{\"1\":1,\"2\":0,\"4\":1}]},\"10\":2,\"11\":0,\"12\":0,\"14\":{\"1\":2,\"2\":0},\"15\":\"Arial\"}\">Ja, vakantiecheques worden geaccepteerd .<\/span><\/p>\n                    <\/div>\r\n                <\/div>\r\n\r\n            \r\n\r\n                <div class=\"faq__item\" data-cat=\"reserveren\" data-track=\"question-hoe-annuleer-ik-een-boeking\">\r\n                    <div class=\"faq__item__question\">\r\n                        <p>Hoe annuleer ik een boeking?<\/p>\n                    <\/div>\r\n\r\n                    <div class=\"faq__item__reponse\">\r\n                        <p><span data-sheets-root=\"1\" data-sheets-value=\"{\"1\":2,\"2\":\"garantie annulation campez couvert\"}\" data-sheets-userformat=\"{\"2\":7103,\"3\":{\"1\":0},\"4\":{\"1\":2,\"2\":14280701},\"5\":{\"1\":[{\"1\":2,\"2\":0,\"5\":{\"1\":2,\"2\":9221625}},{\"1\":0,\"2\":0,\"3\":3},{\"1\":1,\"2\":0,\"4\":1}]},\"6\":{\"1\":[{\"1\":2,\"2\":0,\"5\":{\"1\":2,\"2\":9221625}},{\"1\":0,\"2\":0,\"3\":3},{\"1\":1,\"2\":0,\"4\":1}]},\"7\":{\"1\":[{\"1\":2,\"2\":0,\"5\":{\"1\":2,\"2\":0}},{\"1\":0,\"2\":0,\"3\":3},{\"1\":1,\"2\":0,\"4\":1}]},\"8\":{\"1\":[{\"1\":2,\"2\":0,\"5\":{\"1\":2,\"2\":0}},{\"1\":0,\"2\":0,\"3\":3},{\"1\":1,\"2\":0,\"4\":1}]},\"10\":2,\"11\":0,\"12\":0,\"14\":{\"1\":2,\"2\":0},\"15\":\"Arial\"}\">gedekte camping annuleringsgarantie<\/span><\/p>\n                    <\/div>\r\n                <\/div>\r\n\r\n            \r\n\r\n                <div class=\"faq__item\" data-cat=\"reserveren\" data-track=\"question-hoe-wijzig-ik-een-boeking\">\r\n                    <div class=\"faq__item__question\">\r\n                        <p>Hoe wijzig ik een boeking?<\/p>\n                    <\/div>\r\n\r\n                    <div class=\"faq__item__reponse\">\r\n                        <p><span data-sheets-root=\"1\" data-sheets-value=\"{\" data-sheets-userformat=\"{\">Je kunt je boeking telefonisch of per e-mail wijzigen.<\/span><\/p>\n                    <\/div>\r\n                <\/div>\r\n\r\n            \r\n\r\n                <div class=\"faq__item\" data-cat=\"reserveren\" data-track=\"question-hoe-kan-ik-boeken\">\r\n                    <div class=\"faq__item__question\">\r\n                        <p>Hoe kan ik boeken?<\/p>\n                    <\/div>\r\n\r\n                    <div class=\"faq__item__reponse\">\r\n                        <p><span data-sheets-root=\"1\" data-sheets-value=\"{\" data-sheets-userformat=\"{\">Je kunt je verblijf telefonisch reserveren op 05.46.02.61.94 of via de website.<\/span><\/p>\n                    <\/div>\r\n                <\/div>\r\n\r\n            \r\n\r\n                <div class=\"faq__item\" data-cat=\"reserveren\" data-track=\"question-worden-caf-vouchers-geaccepteerd\">\r\n                    <div class=\"faq__item__question\">\r\n                        <p>Worden CAF-vouchers geaccepteerd?<\/p>\n                    <\/div>\r\n\r\n                    <div class=\"faq__item__reponse\">\r\n                        <p><span data-sheets-root=\"1\" data-sheets-value=\"{\" data-sheets-userformat=\"{\">Ja, CAF-vouchers worden geaccepteerd.<\/span><\/p>\n                    <\/div>\r\n                <\/div>\r\n\r\n            \r\n\r\n                <div class=\"faq__item\" data-cat=\"reserveren\" data-track=\"question-is-het-mogelijk-om-in-termijnen-te-betalen\">\r\n                    <div class=\"faq__item__question\">\r\n                        <p>Is het mogelijk om in termijnen te betalen?<\/p>\n                    <\/div>\r\n\r\n                    <div class=\"faq__item__reponse\">\r\n                        <p><span data-sheets-root=\"1\" data-sheets-value=\"{\"1\":2,\"2\":\"Oui, il est possible de payer en plusieurs fois.\"}\" data-sheets-userformat=\"{\"2\":7103,\"3\":{\"1\":0},\"4\":{\"1\":2,\"2\":14280701},\"5\":{\"1\":[{\"1\":2,\"2\":0,\"5\":{\"1\":2,\"2\":9221625}},{\"1\":0,\"2\":0,\"3\":3},{\"1\":1,\"2\":0,\"4\":1}]},\"6\":{\"1\":[{\"1\":2,\"2\":0,\"5\":{\"1\":2,\"2\":9221625}},{\"1\":0,\"2\":0,\"3\":3},{\"1\":1,\"2\":0,\"4\":1}]},\"7\":{\"1\":[{\"1\":2,\"2\":0,\"5\":{\"1\":2,\"2\":0}},{\"1\":0,\"2\":0,\"3\":3},{\"1\":1,\"2\":0,\"4\":1}]},\"8\":{\"1\":[{\"1\":2,\"2\":0,\"5\":{\"1\":2,\"2\":0}},{\"1\":0,\"2\":0,\"3\":3},{\"1\":1,\"2\":0,\"4\":1}]},\"10\":2,\"11\":0,\"12\":0,\"14\":{\"1\":2,\"2\":0},\"15\":\"Arial\"}\">Ja, het is mogelijk om in termijnen te betalen.<\/span><\/p>\n                    <\/div>\r\n                <\/div>\r\n\r\n            \r\n\r\n                <div class=\"faq__item\" data-cat=\"reserveren\" data-track=\"question-bent-u-vacaf-goedgekeurd\">\r\n                    <div class=\"faq__item__question\">\r\n                        <p>Bent u Vacaf-goedgekeurd?<\/p>\n                    <\/div>\r\n\r\n                    <div class=\"faq__item__reponse\">\r\n                        <p><span data-sheets-root=\"1\" data-sheets-value=\"{\"1\":2,\"2\":\"Oui, le camping est agr\u00e9\u00e9 VACAF.\"}\" data-sheets-userformat=\"{\"2\":7101,\"3\":{\"1\":0},\"5\":{\"1\":[{\"1\":2,\"2\":0,\"5\":{\"1\":2,\"2\":9221625}},{\"1\":0,\"2\":0,\"3\":3},{\"1\":1,\"2\":0,\"4\":1}]},\"6\":{\"1\":[{\"1\":2,\"2\":0,\"5\":{\"1\":2,\"2\":9221625}},{\"1\":0,\"2\":0,\"3\":3},{\"1\":1,\"2\":0,\"4\":1}]},\"7\":{\"1\":[{\"1\":2,\"2\":0,\"5\":{\"1\":2,\"2\":0}},{\"1\":0,\"2\":0,\"3\":3},{\"1\":1,\"2\":0,\"4\":1}]},\"8\":{\"1\":[{\"1\":2,\"2\":0,\"5\":{\"1\":2,\"2\":0}},{\"1\":0,\"2\":0,\"3\":3},{\"1\":1,\"2\":0,\"4\":1}]},\"10\":2,\"11\":0,\"12\":0,\"14\":{\"1\":2,\"2\":0},\"15\":\"Arial\"}\">Ja, de camping is goedgekeurd door de VACAF.<\/span><\/p>\n                    <\/div>\r\n                <\/div>\r\n\r\n            \r\n\r\n                <div class=\"faq__item\" data-cat=\"reserveren\" data-track=\"question-wat-is-toeristenbelasting\">\r\n                    <div class=\"faq__item__question\">\r\n                        <p>Wat is toeristenbelasting?<\/p>\n                    <\/div>\r\n\r\n                    <div class=\"faq__item__reponse\">\r\n                        <p><span data-sheets-root=\"1\" data-sheets-value=\"{\"1\":2,\"2\":\"La taxe de s\u00e9jour est de 0,66 cts par jour et par personne de plus de 18 ans.\"}\" data-sheets-userformat=\"{\"2\":7103,\"3\":{\"1\":0},\"4\":{\"1\":2,\"2\":14280701},\"5\":{\"1\":[{\"1\":2,\"2\":0,\"5\":{\"1\":2,\"2\":9221625}},{\"1\":0,\"2\":0,\"3\":3},{\"1\":1,\"2\":0,\"4\":1}]},\"6\":{\"1\":[{\"1\":2,\"2\":0,\"5\":{\"1\":2,\"2\":9221625}},{\"1\":0,\"2\":0,\"3\":3},{\"1\":1,\"2\":0,\"4\":1}]},\"7\":{\"1\":[{\"1\":2,\"2\":0,\"5\":{\"1\":2,\"2\":0}},{\"1\":0,\"2\":0,\"3\":3},{\"1\":1,\"2\":0,\"4\":1}]},\"8\":{\"1\":[{\"1\":2,\"2\":0,\"5\":{\"1\":2,\"2\":0}},{\"1\":0,\"2\":0,\"3\":3},{\"1\":1,\"2\":0,\"4\":1}]},\"10\":2,\"11\":0,\"12\":0,\"14\":{\"1\":2,\"2\":0},\"15\":\"Arial\"}\">De toeristenbelasting is 0,66 cent per dag per persoon ouder dan 18 jaar.<\/span><\/p>\n                    <\/div>\r\n                <\/div>\r\n\r\n            \r\n\r\n                <div class=\"faq__item\" data-cat=\"reserveren\" data-track=\"question-wanneer-moet-ik-het-saldo-van-mijn-boeking-betalen\">\r\n                    <div class=\"faq__item__question\">\r\n                        <p>Wanneer moet ik het saldo van mijn boeking betalen?<\/p>\n                    <\/div>\r\n\r\n                    <div class=\"faq__item__reponse\">\r\n                        <p><span data-sheets-root=\"1\" data-sheets-value=\"{\"1\":2,\"2\":\"Le solde de la r\u00e9servation est \u00e0 r\u00e9gler 30 jours avant l'arriv\u00e9e.\"}\" data-sheets-userformat=\"{\"2\":7101,\"3\":{\"1\":0},\"5\":{\"1\":[{\"1\":2,\"2\":0,\"5\":{\"1\":2,\"2\":9221625}},{\"1\":0,\"2\":0,\"3\":3},{\"1\":1,\"2\":0,\"4\":1}]},\"6\":{\"1\":[{\"1\":2,\"2\":0,\"5\":{\"1\":2,\"2\":9221625}},{\"1\":0,\"2\":0,\"3\":3},{\"1\":1,\"2\":0,\"4\":1}]},\"7\":{\"1\":[{\"1\":2,\"2\":0,\"5\":{\"1\":2,\"2\":0}},{\"1\":0,\"2\":0,\"3\":3},{\"1\":1,\"2\":0,\"4\":1}]},\"8\":{\"1\":[{\"1\":2,\"2\":0,\"5\":{\"1\":2,\"2\":0}},{\"1\":0,\"2\":0,\"3\":3},{\"1\":1,\"2\":0,\"4\":1}]},\"10\":2,\"11\":0,\"12\":0,\"14\":{\"1\":2,\"2\":0},\"15\":\"Arial\"}\">Het restbedrag van de reservering moet 30 dagen voor aankomst worden betaald.<\/span><\/p>\n                    <\/div>\r\n                <\/div>\r\n\r\n            \r\n\r\n                <div class=\"faq__item\" data-cat=\"reserveren\" data-track=\"question-welke-betalingsmethoden-accepteert-u\">\r\n                    <div class=\"faq__item__question\">\r\n                        <p>Welke betalingsmethoden accepteert u?<\/p>\n                    <\/div>\r\n\r\n                    <div class=\"faq__item__reponse\">\r\n                        <p><span data-sheets-root=\"1\" data-sheets-value=\"{\"1\":2,\"2\":\"CB, ANCV\"}\" data-sheets-userformat=\"{\"2\":7103,\"3\":{\"1\":0},\"4\":{\"1\":2,\"2\":14280701},\"5\":{\"1\":[{\"1\":2,\"2\":0,\"5\":{\"1\":2,\"2\":9221625}},{\"1\":0,\"2\":0,\"3\":3},{\"1\":1,\"2\":0,\"4\":1}]},\"6\":{\"1\":[{\"1\":2,\"2\":0,\"5\":{\"1\":2,\"2\":9221625}},{\"1\":0,\"2\":0,\"3\":3},{\"1\":1,\"2\":0,\"4\":1}]},\"7\":{\"1\":[{\"1\":2,\"2\":0,\"5\":{\"1\":2,\"2\":0}},{\"1\":0,\"2\":0,\"3\":3},{\"1\":1,\"2\":0,\"4\":1}]},\"8\":{\"1\":[{\"1\":2,\"2\":0,\"5\":{\"1\":2,\"2\":0}},{\"1\":0,\"2\":0,\"3\":3},{\"1\":1,\"2\":0,\"4\":1}]},\"10\":2,\"11\":0,\"12\":0,\"14\":{\"1\":2,\"2\":0},\"15\":\"Arial\"}\">Creditcard, ANCV vakantiecheques<\/span><\/p>\n                    <\/div>\r\n                <\/div>\r\n\r\n            \r\n\r\n                <div class=\"faq__item\" data-cat=\"blijf\" data-track=\"question-hoe-laat-moet-ik-mijn-stacaravan-terugbrengen\">\r\n                    <div class=\"faq__item__question\">\r\n                        <p>Hoe laat moet ik mijn stacaravan terugbrengen?<\/p>\n                    <\/div>\r\n\r\n                    <div class=\"faq__item__reponse\">\r\n                        <p><span data-sheets-root=\"1\" data-sheets-value=\"{\"1\":2,\"2\":\"Le mobil-home est \u00e0 rendre avant 10h.\"}\" data-sheets-userformat=\"{\"2\":7101,\"3\":{\"1\":0},\"5\":{\"1\":[{\"1\":2,\"2\":0,\"5\":{\"1\":2,\"2\":9221625}},{\"1\":0,\"2\":0,\"3\":3},{\"1\":1,\"2\":0,\"4\":1}]},\"6\":{\"1\":[{\"1\":2,\"2\":0,\"5\":{\"1\":2,\"2\":9221625}},{\"1\":0,\"2\":0,\"3\":3},{\"1\":1,\"2\":0,\"4\":1}]},\"7\":{\"1\":[{\"1\":2,\"2\":0,\"5\":{\"1\":2,\"2\":0}},{\"1\":0,\"2\":0,\"3\":3},{\"1\":1,\"2\":0,\"4\":1}]},\"8\":{\"1\":[{\"1\":2,\"2\":0,\"5\":{\"1\":2,\"2\":0}},{\"1\":0,\"2\":0,\"3\":3},{\"1\":1,\"2\":0,\"4\":1}]},\"10\":2,\"11\":0,\"12\":0,\"14\":{\"1\":2,\"2\":0},\"15\":\"Arial\"}\">De <a href=\"https:\/\/www.leschevrefeuilles.com\/nl\/locatie-mobil-huis-royan\/\">stacaravan<\/a> moet voor 10 uur &#8216;s ochtends worden teruggebracht.<\/span><\/p>\n                    <\/div>\r\n                <\/div>\r\n\r\n            \r\n\r\n                <div class=\"faq__item\" data-cat=\"blijf\" data-track=\"question-mag-ik-familie-of-vrienden-uitnodigen-in-de-stacaravan-zo-ja-zijn-er-kosten-aan-verbonden\">\r\n                    <div class=\"faq__item__question\">\r\n                        <p>Mag ik familie of vrienden uitnodigen in de stacaravan? Zo ja, zijn er kosten aan verbonden? <\/p>\n                    <\/div>\r\n\r\n                    <div class=\"faq__item__reponse\">\r\n                        <p><span data-sheets-root=\"1\" data-sheets-value=\"{\"1\":2,\"2\":\"Non, il est interdit d'inviter des personnes tierces.\"}\" data-sheets-userformat=\"{\"2\":7103,\"3\":{\"1\":0},\"4\":{\"1\":2,\"2\":14280701},\"5\":{\"1\":[{\"1\":2,\"2\":0,\"5\":{\"1\":2,\"2\":9221625}},{\"1\":0,\"2\":0,\"3\":3},{\"1\":1,\"2\":0,\"4\":1}]},\"6\":{\"1\":[{\"1\":2,\"2\":0,\"5\":{\"1\":2,\"2\":9221625}},{\"1\":0,\"2\":0,\"3\":3},{\"1\":1,\"2\":0,\"4\":1}]},\"7\":{\"1\":[{\"1\":2,\"2\":0,\"5\":{\"1\":2,\"2\":0}},{\"1\":0,\"2\":0,\"3\":3},{\"1\":1,\"2\":0,\"4\":1}]},\"8\":{\"1\":[{\"1\":2,\"2\":0,\"5\":{\"1\":2,\"2\":0}},{\"1\":0,\"2\":0,\"3\":3},{\"1\":1,\"2\":0,\"4\":1}]},\"10\":2,\"11\":0,\"12\":0,\"14\":{\"1\":2,\"2\":0},\"15\":\"Arial\"}\">Nee, het is verboden om derden uit te nodigen.<\/span><\/p>\n                    <\/div>\r\n                <\/div>\r\n\r\n            \r\n\r\n                <div class=\"faq__item\" data-cat=\"blijf\" data-track=\"question-wat-moet-ik-doen-als-ik-te-laat-kom\">\r\n                    <div class=\"faq__item__question\">\r\n                        <p>Wat moet ik doen als ik te laat kom?<\/p>\n                    <\/div>\r\n\r\n                    <div class=\"faq__item__reponse\">\r\n                        <p><span data-sheets-root=\"1\" data-sheets-value=\"{\"1\":2,\"2\":\"En cas d'arriv\u00e9e tardive, pr\u00e9venez la r\u00e9ception en amont afin de pr\u00e9parer votre arriv\u00e9e.\"}\" data-sheets-userformat=\"{\"2\":7101,\"3\":{\"1\":0},\"5\":{\"1\":[{\"1\":2,\"2\":0,\"5\":{\"1\":2,\"2\":9221625}},{\"1\":0,\"2\":0,\"3\":3},{\"1\":1,\"2\":0,\"4\":1}]},\"6\":{\"1\":[{\"1\":2,\"2\":0,\"5\":{\"1\":2,\"2\":9221625}},{\"1\":0,\"2\":0,\"3\":3},{\"1\":1,\"2\":0,\"4\":1}]},\"7\":{\"1\":[{\"1\":2,\"2\":0,\"5\":{\"1\":2,\"2\":0}},{\"1\":0,\"2\":0,\"3\":3},{\"1\":1,\"2\":0,\"4\":1}]},\"8\":{\"1\":[{\"1\":2,\"2\":0,\"5\":{\"1\":2,\"2\":0}},{\"1\":0,\"2\":0,\"3\":3},{\"1\":1,\"2\":0,\"4\":1}]},\"10\":2,\"11\":0,\"12\":0,\"14\":{\"1\":2,\"2\":0},\"15\":\"Arial\"}\">Als je lateraankomt, laat dit dan van tevoren weten aan de receptie , zodat zij zich kunnen voorbereiden op je komst.<\/span><\/p>\n                    <\/div>\r\n                <\/div>\r\n\r\n            \r\n\r\n                <div class=\"faq__item\" data-cat=\"blijf\" data-track=\"question-moet-ik-een-borg-betalen-als-ik-hier-intrek\">\r\n                    <div class=\"faq__item__question\">\r\n                        <p>Moet ik een borg betalen als ik hier intrek?<\/p>\n                    <\/div>\r\n\r\n                    <div class=\"faq__item__reponse\">\r\n                        <p><span data-sheets-root=\"1\" data-sheets-value=\"{\"1\":2,\"2\":\"Oui, une empreinte CB est demand\u00e9e mais n'est pas d\u00e9bit\u00e9e.\"}\" data-sheets-userformat=\"{\"2\":7103,\"3\":{\"1\":0},\"4\":{\"1\":2,\"2\":14280701},\"5\":{\"1\":[{\"1\":2,\"2\":0,\"5\":{\"1\":2,\"2\":9221625}},{\"1\":0,\"2\":0,\"3\":3},{\"1\":1,\"2\":0,\"4\":1}]},\"6\":{\"1\":[{\"1\":2,\"2\":0,\"5\":{\"1\":2,\"2\":9221625}},{\"1\":0,\"2\":0,\"3\":3},{\"1\":1,\"2\":0,\"4\":1}]},\"7\":{\"1\":[{\"1\":2,\"2\":0,\"5\":{\"1\":2,\"2\":0}},{\"1\":0,\"2\":0,\"3\":3},{\"1\":1,\"2\":0,\"4\":1}]},\"8\":{\"1\":[{\"1\":2,\"2\":0,\"5\":{\"1\":2,\"2\":0}},{\"1\":0,\"2\":0,\"3\":3},{\"1\":1,\"2\":0,\"4\":1}]},\"10\":2,\"11\":0,\"12\":0,\"14\":{\"1\":2,\"2\":0},\"15\":\"Arial\"}\">Ja, een creditcardafdruk wordt aangevraagd maar niet afgeschreven.<\/span><\/p>\n                    <\/div>\r\n                <\/div>\r\n\r\n            \r\n\r\n                <div class=\"faq__item\" data-cat=\"blijf\" data-track=\"question-moet-ik-een-afspraak-maken-om-uit-te-checken\">\r\n                    <div class=\"faq__item__question\">\r\n                        <p>Moet ik een afspraak maken om uit te checken ?<\/p>\n                    <\/div>\r\n\r\n                    <div class=\"faq__item__reponse\">\r\n                        <p><span data-sheets-root=\"1\" data-sheets-value=\"{\"1\":2,\"2\":\"Non, il n'est pas n\u00e9cessaire de prendre rendez-vous pour le d\u00e9part.\"}\" data-sheets-userformat=\"{\"2\":7101,\"3\":{\"1\":0},\"5\":{\"1\":[{\"1\":2,\"2\":0,\"5\":{\"1\":2,\"2\":9221625}},{\"1\":0,\"2\":0,\"3\":3},{\"1\":1,\"2\":0,\"4\":1}]},\"6\":{\"1\":[{\"1\":2,\"2\":0,\"5\":{\"1\":2,\"2\":9221625}},{\"1\":0,\"2\":0,\"3\":3},{\"1\":1,\"2\":0,\"4\":1}]},\"7\":{\"1\":[{\"1\":2,\"2\":0,\"5\":{\"1\":2,\"2\":0}},{\"1\":0,\"2\":0,\"3\":3},{\"1\":1,\"2\":0,\"4\":1}]},\"8\":{\"1\":[{\"1\":2,\"2\":0,\"5\":{\"1\":2,\"2\":0}},{\"1\":0,\"2\":0,\"3\":3},{\"1\":1,\"2\":0,\"4\":1}]},\"10\":2,\"11\":0,\"12\":0,\"14\":{\"1\":2,\"2\":0},\"15\":\"Arial\"}\">Nee, je hoeft geen afspraak te maken voor vertrek.<\/span><\/p>\n                    <\/div>\r\n                <\/div>\r\n\r\n            \r\n\r\n                <div class=\"faq__item\" data-cat=\"blijf\" data-track=\"question-kunnen-we-onze-eigen-barbecue-meenemen\">\r\n                    <div class=\"faq__item__question\">\r\n                        <p>Kunnen we onze eigen barbecue meenemen?<\/p>\n                    <\/div>\r\n\r\n                    <div class=\"faq__item__reponse\">\r\n                        <p><span data-sheets-root=\"1\" data-sheets-value=\"{\"1\":2,\"2\":\"Il est possible d'amener votre propre barbecue, au gaz uniquement. Les barbecues \u00e9lectriques et au charbon sont interdit.\"}\" data-sheets-userformat=\"{\"2\":7103,\"3\":{\"1\":0},\"4\":{\"1\":2,\"2\":14280701},\"5\":{\"1\":[{\"1\":2,\"2\":0,\"5\":{\"1\":2,\"2\":9221625}},{\"1\":0,\"2\":0,\"3\":3},{\"1\":1,\"2\":0,\"4\":1}]},\"6\":{\"1\":[{\"1\":2,\"2\":0,\"5\":{\"1\":2,\"2\":9221625}},{\"1\":0,\"2\":0,\"3\":3},{\"1\":1,\"2\":0,\"4\":1}]},\"7\":{\"1\":[{\"1\":2,\"2\":0,\"5\":{\"1\":2,\"2\":0}},{\"1\":0,\"2\":0,\"3\":3},{\"1\":1,\"2\":0,\"4\":1}]},\"8\":{\"1\":[{\"1\":2,\"2\":0,\"5\":{\"1\":2,\"2\":0}},{\"1\":0,\"2\":0,\"3\":3},{\"1\":1,\"2\":0,\"4\":1}]},\"10\":2,\"11\":0,\"12\":0,\"14\":{\"1\":2,\"2\":0},\"15\":\"Arial\"}\">Je kunt je eigen barbecue meenemen, alleen op gas. Elektrische barbecues en barbecues op houtskool zijn niet toegestaan. <\/span><\/p>\n                    <\/div>\r\n                <\/div>\r\n\r\n            \r\n\r\n                <div class=\"faq__item\" data-cat=\"blijf\" data-track=\"question-kan-ik-mijn-staanplaats-of-stacaravan-kiezen\">\r\n                    <div class=\"faq__item__question\">\r\n                        <p>Kan ik mijn staanplaats of stacaravan kiezen?<\/p>\n                    <\/div>\r\n\r\n                    <div class=\"faq__item__reponse\">\r\n                        <p><span data-sheets-root=\"1\" data-sheets-value=\"{\" data-sheets-userformat=\"{\">Nee, het is niet mogelijk om het nummer van je <a href=\"https:\/\/www.leschevrefeuilles.com\/nl\/locatie-camping-royan\/\">kampeerplaats<\/a> of stacaravan te kiezen.<\/span><\/p>\n                    <\/div>\r\n                <\/div>\r\n\r\n            \r\n\r\n                <div class=\"faq__item\" data-cat=\"blijf\" data-track=\"question-tot-hoe-laat-kan-ik-mijn-auto-op-de-camping-zetten\">\r\n                    <div class=\"faq__item__question\">\r\n                        <p>Tot hoe laat kan ik mijn auto op de camping zetten?<\/p>\n                    <\/div>\r\n\r\n                    <div class=\"faq__item__reponse\">\r\n                        <p><span data-sheets-root=\"1\" data-sheets-value=\"{\"1\":2,\"2\":\"Il est possible de rentrer au camping en voiture jusqu'\u00e0 23h.\"}\" data-sheets-userformat=\"{\"2\":7103,\"3\":{\"1\":0},\"4\":{\"1\":2,\"2\":14280701},\"5\":{\"1\":[{\"1\":2,\"2\":0,\"5\":{\"1\":2,\"2\":9221625}},{\"1\":0,\"2\":0,\"3\":3},{\"1\":1,\"2\":0,\"4\":1}]},\"6\":{\"1\":[{\"1\":2,\"2\":0,\"5\":{\"1\":2,\"2\":9221625}},{\"1\":0,\"2\":0,\"3\":3},{\"1\":1,\"2\":0,\"4\":1}]},\"7\":{\"1\":[{\"1\":2,\"2\":0,\"5\":{\"1\":2,\"2\":0}},{\"1\":0,\"2\":0,\"3\":3},{\"1\":1,\"2\":0,\"4\":1}]},\"8\":{\"1\":[{\"1\":2,\"2\":0,\"5\":{\"1\":2,\"2\":0}},{\"1\":0,\"2\":0,\"3\":3},{\"1\":1,\"2\":0,\"4\":1}]},\"10\":2,\"11\":0,\"12\":0,\"14\":{\"1\":2,\"2\":0},\"15\":\"Arial\"}\">Het is mogelijk om met de auto terug te keren naar de camping tot 23.00 uur.<\/span><\/p>\n                    <\/div>\r\n                <\/div>\r\n\r\n            \r\n\r\n                <div class=\"faq__item\" data-cat=\"blijf\" data-track=\"question-is-het-dragen-van-een-polsbandje-verplicht\">\r\n                    <div class=\"faq__item__question\">\r\n                        <p>Is het dragen van een polsbandje verplicht?<\/p>\n                    <\/div>\r\n\r\n                    <div class=\"faq__item__reponse\">\r\n                        <p><span data-sheets-root=\"1\" data-sheets-value=\"{\"1\":2,\"2\":\"Oui, le port du bracelet est obligatoire.\"}\" data-sheets-userformat=\"{\"2\":7101,\"3\":{\"1\":0},\"5\":{\"1\":[{\"1\":2,\"2\":0,\"5\":{\"1\":2,\"2\":9221625}},{\"1\":0,\"2\":0,\"3\":3},{\"1\":1,\"2\":0,\"4\":1}]},\"6\":{\"1\":[{\"1\":2,\"2\":0,\"5\":{\"1\":2,\"2\":9221625}},{\"1\":0,\"2\":0,\"3\":3},{\"1\":1,\"2\":0,\"4\":1}]},\"7\":{\"1\":[{\"1\":2,\"2\":0,\"5\":{\"1\":2,\"2\":0}},{\"1\":0,\"2\":0,\"3\":3},{\"1\":1,\"2\":0,\"4\":1}]},\"8\":{\"1\":[{\"1\":2,\"2\":0,\"5\":{\"1\":2,\"2\":0}},{\"1\":0,\"2\":0,\"3\":3},{\"1\":1,\"2\":0,\"4\":1}]},\"10\":2,\"11\":0,\"12\":0,\"14\":{\"1\":2,\"2\":0},\"15\":\"Arial\"}\">Ja, het dragen van een polsbandje is verplicht.<\/span><\/p>\n                    <\/div>\r\n                <\/div>\r\n\r\n            \r\n\r\n                <div class=\"faq__item\" data-cat=\"blijf\" data-track=\"question-zijn-huisdieren-toegestaan-op-de-camping\">\r\n                    <div class=\"faq__item__question\">\r\n                        <p>Zijn huisdieren toegestaan op de camping?<\/p>\n                    <\/div>\r\n\r\n                    <div class=\"faq__item__reponse\">\r\n                        <p><span data-sheets-root=\"1\" data-sheets-value=\"{\"1\":2,\"2\":\"Oui, les animaux de 1\u00e8re et 2\u00e8me cat\u00e9gorie sont accept\u00e9s au camping, au nombre de un par location.\"}\" data-sheets-userformat=\"{\"2\":7103,\"3\":{\"1\":0},\"4\":{\"1\":2,\"2\":14280701},\"5\":{\"1\":[{\"1\":2,\"2\":0,\"5\":{\"1\":2,\"2\":9221625}},{\"1\":0,\"2\":0,\"3\":3},{\"1\":1,\"2\":0,\"4\":1}]},\"6\":{\"1\":[{\"1\":2,\"2\":0,\"5\":{\"1\":2,\"2\":9221625}},{\"1\":0,\"2\":0,\"3\":3},{\"1\":1,\"2\":0,\"4\":1}]},\"7\":{\"1\":[{\"1\":2,\"2\":0,\"5\":{\"1\":2,\"2\":0}},{\"1\":0,\"2\":0,\"3\":3},{\"1\":1,\"2\":0,\"4\":1}]},\"8\":{\"1\":[{\"1\":2,\"2\":0,\"5\":{\"1\":2,\"2\":0}},{\"1\":0,\"2\":0,\"3\":3},{\"1\":1,\"2\":0,\"4\":1}]},\"10\":2,\"11\":0,\"12\":0,\"14\":{\"1\":2,\"2\":0},\"15\":\"Arial\"}\">Ja, huisdieren van de 1e en 2e categorie zijn toegestaan op de camping, \u00e9\u00e9n per huuraccommodatie.<\/span><\/p>\n                    <\/div>\r\n                <\/div>\r\n\r\n            \r\n\r\n                <div class=\"faq__item\" data-cat=\"blijf\" data-track=\"question-worden-minderjarigen-geaccepteerd\">\r\n                    <div class=\"faq__item__question\">\r\n                        <p>Worden minderjarigen geaccepteerd?<\/p>\n                    <\/div>\r\n\r\n                    <div class=\"faq__item__reponse\">\r\n                        <p><span data-sheets-root=\"1\" data-sheets-value=\"{\"1\":2,\"2\":\"Les mineurs sont accept\u00e9s mais ils doivent \u00eatre accompagn\u00e9s d'un majeur.\"}\" data-sheets-userformat=\"{\"2\":7101,\"3\":{\"1\":0},\"5\":{\"1\":[{\"1\":2,\"2\":0,\"5\":{\"1\":2,\"2\":9221625}},{\"1\":0,\"2\":0,\"3\":3},{\"1\":1,\"2\":0,\"4\":1}]},\"6\":{\"1\":[{\"1\":2,\"2\":0,\"5\":{\"1\":2,\"2\":9221625}},{\"1\":0,\"2\":0,\"3\":3},{\"1\":1,\"2\":0,\"4\":1}]},\"7\":{\"1\":[{\"1\":2,\"2\":0,\"5\":{\"1\":2,\"2\":0}},{\"1\":0,\"2\":0,\"3\":3},{\"1\":1,\"2\":0,\"4\":1}]},\"8\":{\"1\":[{\"1\":2,\"2\":0,\"5\":{\"1\":2,\"2\":0}},{\"1\":0,\"2\":0,\"3\":3},{\"1\":1,\"2\":0,\"4\":1}]},\"10\":2,\"11\":0,\"12\":0,\"14\":{\"1\":2,\"2\":0},\"15\":\"Arial\"}\">Minderjarigen worden geaccepteerd, maar moeten worden begeleid door een volwassene.<\/span><\/p>\n                    <\/div>\r\n                <\/div>\r\n\r\n            \r\n\r\n                <div class=\"faq__item\" data-cat=\"blijf\" data-track=\"question-is-mijn-hond-toegestaan-in-de-huuraccommodatie\">\r\n                    <div class=\"faq__item__question\">\r\n                        <p>Is mijn hond toegestaan in de huuraccommodatie?<\/p>\n                    <\/div>\r\n\r\n                    <div class=\"faq__item__reponse\">\r\n                        <p><span data-sheets-root=\"1\" data-sheets-value=\"{\"1\":2,\"2\":\"Oui, les chiens sont autoris\u00e9s dans les locations.\"}\" data-sheets-userformat=\"{\"2\":7103,\"3\":{\"1\":0},\"4\":{\"1\":2,\"2\":14280701},\"5\":{\"1\":[{\"1\":2,\"2\":0,\"5\":{\"1\":2,\"2\":9221625}},{\"1\":0,\"2\":0,\"3\":3},{\"1\":1,\"2\":0,\"4\":1}]},\"6\":{\"1\":[{\"1\":2,\"2\":0,\"5\":{\"1\":2,\"2\":9221625}},{\"1\":0,\"2\":0,\"3\":3},{\"1\":1,\"2\":0,\"4\":1}]},\"7\":{\"1\":[{\"1\":2,\"2\":0,\"5\":{\"1\":2,\"2\":0}},{\"1\":0,\"2\":0,\"3\":3},{\"1\":1,\"2\":0,\"4\":1}]},\"8\":{\"1\":[{\"1\":2,\"2\":0,\"5\":{\"1\":2,\"2\":0}},{\"1\":0,\"2\":0,\"3\":3},{\"1\":1,\"2\":0,\"4\":1}]},\"10\":2,\"11\":0,\"12\":0,\"14\":{\"1\":2,\"2\":0},\"15\":\"Arial\"}\">Ja, honden zijn toegestaan in de accommodatie.<\/span><\/p>\n                    <\/div>\r\n                <\/div>\r\n\r\n            \r\n\r\n                <div class=\"faq__item\" data-cat=\"blijf\" data-track=\"question-mijn-stacaravan-is-beschikbaar-voor-15u-op-zaterdag-is-het-mogelijk-om-vroeger-aan-te-komen\">\r\n                    <div class=\"faq__item__question\">\r\n                        <p>Mijn stacaravan is beschikbaar voor 15u op zaterdag , is het mogelijk om vroeger aan te komen?<\/p>\n                    <\/div>\r\n\r\n                    <div class=\"faq__item__reponse\">\r\n                        <p><span data-sheets-root=\"1\" data-sheets-value=\"{\"1\":2,\"2\":\"Non, il n'est pas possible d'arriver plus t\u00f4t.\"}\" data-sheets-userformat=\"{\"2\":7101,\"3\":{\"1\":0},\"5\":{\"1\":[{\"1\":2,\"2\":0,\"5\":{\"1\":2,\"2\":9221625}},{\"1\":0,\"2\":0,\"3\":3},{\"1\":1,\"2\":0,\"4\":1}]},\"6\":{\"1\":[{\"1\":2,\"2\":0,\"5\":{\"1\":2,\"2\":9221625}},{\"1\":0,\"2\":0,\"3\":3},{\"1\":1,\"2\":0,\"4\":1}]},\"7\":{\"1\":[{\"1\":2,\"2\":0,\"5\":{\"1\":2,\"2\":0}},{\"1\":0,\"2\":0,\"3\":3},{\"1\":1,\"2\":0,\"4\":1}]},\"8\":{\"1\":[{\"1\":2,\"2\":0,\"5\":{\"1\":2,\"2\":0}},{\"1\":0,\"2\":0,\"3\":3},{\"1\":1,\"2\":0,\"4\":1}]},\"10\":2,\"11\":0,\"12\":0,\"14\":{\"1\":2,\"2\":0},\"15\":\"Arial\"}\">Nee, het is niet mogelijk om eerder aan te komen.<\/span><\/p>\n                    <\/div>\r\n                <\/div>\r\n\r\n            \r\n\r\n                <div class=\"faq__item\" data-cat=\"blijf\" data-track=\"question-kan-ik-buiten-de-openingstijden-van-de-receptie-arriveren\">\r\n                    <div class=\"faq__item__question\">\r\n                        <p>Kan ik buiten de openingstijden van de receptie arriveren?<\/p>\n                    <\/div>\r\n\r\n                    <div class=\"faq__item__reponse\">\r\n                        <p><span data-sheets-root=\"1\" data-sheets-value=\"{\"1\":2,\"2\":\"Oui, il est possible d'arriver en dehors des horaires d'ouverture de la r\u00e9ception en nous pr\u00e9venant au pr\u00e9alable.\"}\" data-sheets-userformat=\"{\"2\":7103,\"3\":{\"1\":0},\"4\":{\"1\":2,\"2\":14280701},\"5\":{\"1\":[{\"1\":2,\"2\":0,\"5\":{\"1\":2,\"2\":9221625}},{\"1\":0,\"2\":0,\"3\":3},{\"1\":1,\"2\":0,\"4\":1}]},\"6\":{\"1\":[{\"1\":2,\"2\":0,\"5\":{\"1\":2,\"2\":9221625}},{\"1\":0,\"2\":0,\"3\":3},{\"1\":1,\"2\":0,\"4\":1}]},\"7\":{\"1\":[{\"1\":2,\"2\":0,\"5\":{\"1\":2,\"2\":0}},{\"1\":0,\"2\":0,\"3\":3},{\"1\":1,\"2\":0,\"4\":1}]},\"8\":{\"1\":[{\"1\":2,\"2\":0,\"5\":{\"1\":2,\"2\":0}},{\"1\":0,\"2\":0,\"3\":3},{\"1\":1,\"2\":0,\"4\":1}]},\"10\":2,\"11\":0,\"12\":0,\"14\":{\"1\":2,\"2\":0},\"15\":\"Arial\"}\">Ja, het is mogelijk om buiten de openingstijden van de receptie te arriveren door ons dit van tevoren te laten weten.<\/span><\/p>\n                    <\/div>\r\n                <\/div>\r\n\r\n            \r\n\r\n                <div class=\"faq__item\" data-cat=\"blijf\" data-track=\"question-kunnen-we-buiten-de-openingstijden-van-de-receptie-vertrekken\">\r\n                    <div class=\"faq__item__question\">\r\n                        <p>Kunnen we buiten de openingstijden van de receptie vertrekken?<\/p>\n                    <\/div>\r\n\r\n                    <div class=\"faq__item__reponse\">\r\n                        <p><span data-sheets-root=\"1\" data-sheets-value=\"{\"1\":2,\"2\":\"Oui, il est possible de partir en dehors des horaires d'ouverture de la r\u00e9ception.\"}\" data-sheets-userformat=\"{\"2\":7101,\"3\":{\"1\":0},\"5\":{\"1\":[{\"1\":2,\"2\":0,\"5\":{\"1\":2,\"2\":9221625}},{\"1\":0,\"2\":0,\"3\":3},{\"1\":1,\"2\":0,\"4\":1}]},\"6\":{\"1\":[{\"1\":2,\"2\":0,\"5\":{\"1\":2,\"2\":9221625}},{\"1\":0,\"2\":0,\"3\":3},{\"1\":1,\"2\":0,\"4\":1}]},\"7\":{\"1\":[{\"1\":2,\"2\":0,\"5\":{\"1\":2,\"2\":0}},{\"1\":0,\"2\":0,\"3\":3},{\"1\":1,\"2\":0,\"4\":1}]},\"8\":{\"1\":[{\"1\":2,\"2\":0,\"5\":{\"1\":2,\"2\":0}},{\"1\":0,\"2\":0,\"3\":3},{\"1\":1,\"2\":0,\"4\":1}]},\"10\":2,\"11\":0,\"12\":0,\"14\":{\"1\":2,\"2\":0},\"15\":\"Arial\"}\">Ja, het is mogelijk om buiten de openingstijden van de receptie te vertrekken.<\/span><\/p>\n                    <\/div>\r\n                <\/div>\r\n\r\n            \r\n\r\n                <div class=\"faq__item\" data-cat=\"blijf\" data-track=\"question-bieden-jullie-schoonmaakpakketten-aan\">\r\n                    <div class=\"faq__item__question\">\r\n                        <p>Bieden jullie schoonmaakpakketten aan?<\/p>\n                    <\/div>\r\n\r\n                    <div class=\"faq__item__reponse\">\r\n                        <p><span data-sheets-root=\"1\" data-sheets-value=\"{\"1\":2,\"2\":\"Oui, plusieurs forfaits m\u00e9nages sont propos\u00e9s.\"}\" data-sheets-userformat=\"{\"2\":7103,\"3\":{\"1\":0},\"4\":{\"1\":2,\"2\":14280701},\"5\":{\"1\":[{\"1\":2,\"2\":0,\"5\":{\"1\":2,\"2\":9221625}},{\"1\":0,\"2\":0,\"3\":3},{\"1\":1,\"2\":0,\"4\":1}]},\"6\":{\"1\":[{\"1\":2,\"2\":0,\"5\":{\"1\":2,\"2\":9221625}},{\"1\":0,\"2\":0,\"3\":3},{\"1\":1,\"2\":0,\"4\":1}]},\"7\":{\"1\":[{\"1\":2,\"2\":0,\"5\":{\"1\":2,\"2\":0}},{\"1\":0,\"2\":0,\"3\":3},{\"1\":1,\"2\":0,\"4\":1}]},\"8\":{\"1\":[{\"1\":2,\"2\":0,\"5\":{\"1\":2,\"2\":0}},{\"1\":0,\"2\":0,\"3\":3},{\"1\":1,\"2\":0,\"4\":1}]},\"10\":2,\"11\":0,\"12\":0,\"14\":{\"1\":2,\"2\":0},\"15\":\"Arial\"}\">Ja, er zijn verschillende huishoudpakketten beschikbaar.<\/span><\/p>\n                    <\/div>\r\n                <\/div>\r\n\r\n            \r\n\r\n                <div class=\"faq__item\" data-cat=\"blijf\" data-track=\"question-kan-ik-een-tent-naast-de-stacaravan-zetten\">\r\n                    <div class=\"faq__item__question\">\r\n                        <p>Kan ik een tent naast de stacaravan zetten?<\/p>\n                    <\/div>\r\n\r\n                    <div class=\"faq__item__reponse\">\r\n                        <p><span data-sheets-root=\"1\" data-sheets-value=\"{\"1\":2,\"2\":\"Non.\"}\" data-sheets-userformat=\"{\"2\":7101,\"3\":{\"1\":0},\"5\":{\"1\":[{\"1\":2,\"2\":0,\"5\":{\"1\":2,\"2\":9221625}},{\"1\":0,\"2\":0,\"3\":3},{\"1\":1,\"2\":0,\"4\":1}]},\"6\":{\"1\":[{\"1\":2,\"2\":0,\"5\":{\"1\":2,\"2\":9221625}},{\"1\":0,\"2\":0,\"3\":3},{\"1\":1,\"2\":0,\"4\":1}]},\"7\":{\"1\":[{\"1\":2,\"2\":0,\"5\":{\"1\":2,\"2\":0}},{\"1\":0,\"2\":0,\"3\":3},{\"1\":1,\"2\":0,\"4\":1}]},\"8\":{\"1\":[{\"1\":2,\"2\":0,\"5\":{\"1\":2,\"2\":0}},{\"1\":0,\"2\":0,\"3\":3},{\"1\":1,\"2\":0,\"4\":1}]},\"10\":2,\"11\":0,\"12\":0,\"14\":{\"1\":2,\"2\":0},\"15\":\"Arial\"}\">Nee.<\/span><\/p>\n                    <\/div>\r\n                <\/div>\r\n\r\n            \r\n\r\n                <div class=\"faq__item\" data-cat=\"blijf\" data-track=\"question-wanneer-kan-ik-mijn-aanbetaling-terugkrijgen\">\r\n                    <div class=\"faq__item__question\">\r\n                        <p>Wanneer kan ik mijn aanbetaling terugkrijgen?<\/p>\n                    <\/div>\r\n\r\n                    <div class=\"faq__item__reponse\">\r\n                        <p><span data-sheets-root=\"1\" data-sheets-value=\"{\"1\":2,\"2\":\"L'empreinte CB est supprim\u00e9e \u00e0 votre d\u00e9part du camping.\"}\" data-sheets-userformat=\"{\"2\":7103,\"3\":{\"1\":0},\"4\":{\"1\":2,\"2\":14280701},\"5\":{\"1\":[{\"1\":2,\"2\":0,\"5\":{\"1\":2,\"2\":9221625}},{\"1\":0,\"2\":0,\"3\":3},{\"1\":1,\"2\":0,\"4\":1}]},\"6\":{\"1\":[{\"1\":2,\"2\":0,\"5\":{\"1\":2,\"2\":9221625}},{\"1\":0,\"2\":0,\"3\":3},{\"1\":1,\"2\":0,\"4\":1}]},\"7\":{\"1\":[{\"1\":2,\"2\":0,\"5\":{\"1\":2,\"2\":0}},{\"1\":0,\"2\":0,\"3\":3},{\"1\":1,\"2\":0,\"4\":1}]},\"8\":{\"1\":[{\"1\":2,\"2\":0,\"5\":{\"1\":2,\"2\":0}},{\"1\":0,\"2\":0,\"3\":3},{\"1\":1,\"2\":0,\"4\":1}]},\"10\":2,\"11\":0,\"12\":0,\"14\":{\"1\":2,\"2\":0},\"15\":\"Arial\"}\">De afdruk van de creditcard wordt verwijderd wanneer je de camping verlaat.<\/span><\/p>\n                    <\/div>\r\n                <\/div>\r\n\r\n            \r\n\r\n                <div class=\"faq__item\" data-cat=\"blijf\" data-track=\"question-wat-zijn-de-aankomst-en-vertrektijden\">\r\n                    <div class=\"faq__item__question\">\r\n                        <p>Wat zijn de aankomst- en vertrektijden?<\/p>\n                    <\/div>\r\n\r\n                    <div class=\"faq__item__reponse\">\r\n                        <p><span data-sheets-root=\"1\" data-sheets-value=\"{\"1\":2,\"2\":\"Vous pouvez arriver au camping \u00e0 partir de 15h et le d\u00e9part doit se faire avant 10h.\"}\" data-sheets-userformat=\"{\"2\":7101,\"3\":{\"1\":0},\"5\":{\"1\":[{\"1\":2,\"2\":0,\"5\":{\"1\":2,\"2\":9221625}},{\"1\":0,\"2\":0,\"3\":3},{\"1\":1,\"2\":0,\"4\":1}]},\"6\":{\"1\":[{\"1\":2,\"2\":0,\"5\":{\"1\":2,\"2\":9221625}},{\"1\":0,\"2\":0,\"3\":3},{\"1\":1,\"2\":0,\"4\":1}]},\"7\":{\"1\":[{\"1\":2,\"2\":0,\"5\":{\"1\":2,\"2\":0}},{\"1\":0,\"2\":0,\"3\":3},{\"1\":1,\"2\":0,\"4\":1}]},\"8\":{\"1\":[{\"1\":2,\"2\":0,\"5\":{\"1\":2,\"2\":0}},{\"1\":0,\"2\":0,\"3\":3},{\"1\":1,\"2\":0,\"4\":1}]},\"10\":2,\"11\":0,\"12\":0,\"14\":{\"1\":2,\"2\":0},\"15\":\"Arial\"}\">Je kunt vanaf 15.00 uur aankomen op de camping en moet voor 10.00 uur vertrekken.<\/span><\/p>\n                    <\/div>\r\n                <\/div>\r\n\r\n            \r\n\r\n                <div class=\"faq__item\" data-cat=\"blijf\" data-track=\"question-wat-zijn-de-aankomst-en-vertrektijden\">\r\n                    <div class=\"faq__item__question\">\r\n                        <p>Wat zijn de aankomst- en vertrektijden?<\/p>\n                    <\/div>\r\n\r\n                    <div class=\"faq__item__reponse\">\r\n                        <p><span data-sheets-root=\"1\" data-sheets-value=\"{\"1\":2,\"2\":\"Les horaires sont de 15h\/18 h en basse saison et 15h\/19h30 en juillet et aout avec un depart avant 10h.\"}\" data-sheets-userformat=\"{\"2\":7103,\"3\":{\"1\":0},\"4\":{\"1\":2,\"2\":14280701},\"5\":{\"1\":[{\"1\":2,\"2\":0,\"5\":{\"1\":2,\"2\":9221625}},{\"1\":0,\"2\":0,\"3\":3},{\"1\":1,\"2\":0,\"4\":1}]},\"6\":{\"1\":[{\"1\":2,\"2\":0,\"5\":{\"1\":2,\"2\":9221625}},{\"1\":0,\"2\":0,\"3\":3},{\"1\":1,\"2\":0,\"4\":1}]},\"7\":{\"1\":[{\"1\":2,\"2\":0,\"5\":{\"1\":2,\"2\":0}},{\"1\":0,\"2\":0,\"3\":3},{\"1\":1,\"2\":0,\"4\":1}]},\"8\":{\"1\":[{\"1\":2,\"2\":0,\"5\":{\"1\":2,\"2\":0}},{\"1\":0,\"2\":0,\"3\":3},{\"1\":1,\"2\":0,\"4\":1}]},\"10\":2,\"11\":0,\"12\":0,\"14\":{\"1\":2,\"2\":0},\"15\":\"Arial\"}\">Openingstijden zijn 15.00-18.00 uur in het laagseizoen en 15.00-19.30 uur in juli en augustus, met vertrek voor 10.00 uur.<\/span><\/p>\n                    <\/div>\r\n                <\/div>\r\n\r\n            \r\n\r\n                <div class=\"faq__item\" data-cat=\"blijf\" data-track=\"question-is-er-wifi-op-de-camping\">\r\n                    <div class=\"faq__item__question\">\r\n                        <p>Is er wifi op de camping?<\/p>\n                    <\/div>\r\n\r\n                    <div class=\"faq__item__reponse\">\r\n                        <p><span data-sheets-root=\"1\" data-sheets-value=\"{\"1\":2,\"2\":\"Oui, la Wifi est pr\u00e9sente au camping.\"}\" data-sheets-userformat=\"{\"2\":7101,\"3\":{\"1\":0},\"5\":{\"1\":[{\"1\":2,\"2\":0,\"5\":{\"1\":2,\"2\":9221625}},{\"1\":0,\"2\":0,\"3\":3},{\"1\":1,\"2\":0,\"4\":1}]},\"6\":{\"1\":[{\"1\":2,\"2\":0,\"5\":{\"1\":2,\"2\":9221625}},{\"1\":0,\"2\":0,\"3\":3},{\"1\":1,\"2\":0,\"4\":1}]},\"7\":{\"1\":[{\"1\":2,\"2\":0,\"5\":{\"1\":2,\"2\":0}},{\"1\":0,\"2\":0,\"3\":3},{\"1\":1,\"2\":0,\"4\":1}]},\"8\":{\"1\":[{\"1\":2,\"2\":0,\"5\":{\"1\":2,\"2\":0}},{\"1\":0,\"2\":0,\"3\":3},{\"1\":1,\"2\":0,\"4\":1}]},\"10\":2,\"11\":0,\"12\":0,\"14\":{\"1\":2,\"2\":0},\"15\":\"Arial\"}\">Ja, er is wifi beschikbaar op de camping.<\/span><\/p>\n                    <\/div>\r\n                <\/div>\r\n\r\n            \r\n\r\n                <div class=\"faq__item\" data-cat=\"blijf\" data-track=\"question-is-er-een-wasserette-op-de-camping\">\r\n                    <div class=\"faq__item__question\">\r\n                        <p>Is er een wasserette op de camping?<\/p>\n                    <\/div>\r\n\r\n                    <div class=\"faq__item__reponse\">\r\n                        <p><span data-sheets-root=\"1\" data-sheets-value=\"{\"1\":2,\"2\":\"Oui, une laverie est propos\u00e9e au camping.\"}\" data-sheets-userformat=\"{\"2\":7103,\"3\":{\"1\":0},\"4\":{\"1\":2,\"2\":14280701},\"5\":{\"1\":[{\"1\":2,\"2\":0,\"5\":{\"1\":2,\"2\":9221625}},{\"1\":0,\"2\":0,\"3\":3},{\"1\":1,\"2\":0,\"4\":1}]},\"6\":{\"1\":[{\"1\":2,\"2\":0,\"5\":{\"1\":2,\"2\":9221625}},{\"1\":0,\"2\":0,\"3\":3},{\"1\":1,\"2\":0,\"4\":1}]},\"7\":{\"1\":[{\"1\":2,\"2\":0,\"5\":{\"1\":2,\"2\":0}},{\"1\":0,\"2\":0,\"3\":3},{\"1\":1,\"2\":0,\"4\":1}]},\"8\":{\"1\":[{\"1\":2,\"2\":0,\"5\":{\"1\":2,\"2\":0}},{\"1\":0,\"2\":0,\"3\":3},{\"1\":1,\"2\":0,\"4\":1}]},\"10\":2,\"11\":0,\"12\":0,\"14\":{\"1\":2,\"2\":0},\"15\":\"Arial\"}\">Ja, wasfaciliteiten zijn beschikbaar op de camping.<\/span><\/p>\n                    <\/div>\r\n                <\/div>\r\n\r\n            \r\n\r\n                <div class=\"faq__item\" data-cat=\"huurwoningen\" data-track=\"question-mogen-mensen-roken-in-huurhuizen\">\r\n                    <div class=\"faq__item__question\">\r\n                        <p>Mogen mensen roken in huurhuizen?<\/p>\n                    <\/div>\r\n\r\n                    <div class=\"faq__item__reponse\">\r\n                        <p><span data-sheets-root=\"1\" data-sheets-value=\"{\"1\":2,\"2\":\"Non, il est interdit de fumer dans les locations.\"}\" data-sheets-userformat=\"{\"2\":7103,\"3\":{\"1\":0},\"4\":{\"1\":2,\"2\":14280701},\"5\":{\"1\":[{\"1\":2,\"2\":0,\"5\":{\"1\":2,\"2\":9221625}},{\"1\":0,\"2\":0,\"3\":3},{\"1\":1,\"2\":0,\"4\":1}]},\"6\":{\"1\":[{\"1\":2,\"2\":0,\"5\":{\"1\":2,\"2\":9221625}},{\"1\":0,\"2\":0,\"3\":3},{\"1\":1,\"2\":0,\"4\":1}]},\"7\":{\"1\":[{\"1\":2,\"2\":0,\"5\":{\"1\":2,\"2\":0}},{\"1\":0,\"2\":0,\"3\":3},{\"1\":1,\"2\":0,\"4\":1}]},\"8\":{\"1\":[{\"1\":2,\"2\":0,\"5\":{\"1\":2,\"2\":0}},{\"1\":0,\"2\":0,\"3\":3},{\"1\":1,\"2\":0,\"4\":1}]},\"10\":2,\"11\":0,\"12\":0,\"14\":{\"1\":2,\"2\":0},\"15\":\"Arial\"}\">Nee, roken is niet toegestaan in de accommodatie.<\/span><\/p>\n                    <\/div>\r\n                <\/div>\r\n\r\n            \r\n\r\n                <div class=\"faq__item\" data-cat=\"huurwoningen\" data-track=\"question-heb-je-een-prm-accommodatie\">\r\n                    <div class=\"faq__item__question\">\r\n                        <p>Heb je een PRM-accommodatie?<\/p>\n                    <\/div>\r\n\r\n                    <div class=\"faq__item__reponse\">\r\n                        <p><span data-sheets-root=\"1\" data-sheets-value=\"{\"1\":2,\"2\":\"Non, le camping ne propose pas d'h\u00e9bergements PMR.\"}\" data-sheets-userformat=\"{\"2\":7101,\"3\":{\"1\":0},\"5\":{\"1\":[{\"1\":2,\"2\":0,\"5\":{\"1\":2,\"2\":9221625}},{\"1\":0,\"2\":0,\"3\":3},{\"1\":1,\"2\":0,\"4\":1}]},\"6\":{\"1\":[{\"1\":2,\"2\":0,\"5\":{\"1\":2,\"2\":9221625}},{\"1\":0,\"2\":0,\"3\":3},{\"1\":1,\"2\":0,\"4\":1}]},\"7\":{\"1\":[{\"1\":2,\"2\":0,\"5\":{\"1\":2,\"2\":0}},{\"1\":0,\"2\":0,\"3\":3},{\"1\":1,\"2\":0,\"4\":1}]},\"8\":{\"1\":[{\"1\":2,\"2\":0,\"5\":{\"1\":2,\"2\":0}},{\"1\":0,\"2\":0,\"3\":3},{\"1\":1,\"2\":0,\"4\":1}]},\"10\":2,\"11\":0,\"12\":0,\"14\":{\"1\":2,\"2\":0},\"15\":\"Arial\"}\">Nee , de camping biedt geen accommodatie voor personen met beperkte mobiliteit.<\/span><\/p>\n                    <\/div>\r\n                <\/div>\r\n\r\n            \r\n\r\n                <div class=\"faq__item\" data-cat=\"huurwoningen\" data-track=\"question-is-het-mogelijk-om-een-babybedje-of-kinderstoel-te-huren\">\r\n                    <div class=\"faq__item__question\">\r\n                        <p>Is het mogelijk om een babybedje of kinderstoel te huren?<\/p>\n                    <\/div>\r\n\r\n                    <div class=\"faq__item__reponse\">\r\n                        <p><span data-sheets-root=\"1\" data-sheets-value=\"{\"1\":2,\"2\":\"Oui, au tarif de 15 euros pour la semaine et gratuit en basse saison.\"}\" data-sheets-userformat=\"{\"2\":7103,\"3\":{\"1\":0},\"4\":{\"1\":2,\"2\":14280701},\"5\":{\"1\":[{\"1\":2,\"2\":0,\"5\":{\"1\":2,\"2\":9221625}},{\"1\":0,\"2\":0,\"3\":3},{\"1\":1,\"2\":0,\"4\":1}]},\"6\":{\"1\":[{\"1\":2,\"2\":0,\"5\":{\"1\":2,\"2\":9221625}},{\"1\":0,\"2\":0,\"3\":3},{\"1\":1,\"2\":0,\"4\":1}]},\"7\":{\"1\":[{\"1\":2,\"2\":0,\"5\":{\"1\":2,\"2\":0}},{\"1\":0,\"2\":0,\"3\":3},{\"1\":1,\"2\":0,\"4\":1}]},\"8\":{\"1\":[{\"1\":2,\"2\":0,\"5\":{\"1\":2,\"2\":0}},{\"1\":0,\"2\":0,\"3\":3},{\"1\":1,\"2\":0,\"4\":1}]},\"10\":2,\"11\":0,\"12\":0,\"14\":{\"1\":2,\"2\":0},\"15\":\"Arial\"}\">Ja, voor 15 euro per week en gratis in het laagseizoen.<\/span><\/p>\n                    <\/div>\r\n                <\/div>\r\n\r\n            \r\n\r\n                <div class=\"faq__item\" data-cat=\"huurwoningen\" data-track=\"question-heeft-de-stacaravan-airconditioning\">\r\n                    <div class=\"faq__item__question\">\r\n                        <p>Heeft de stacaravan airconditioning?<\/p>\n                    <\/div>\r\n\r\n                    <div class=\"faq__item__reponse\">\r\n                        <p><span data-sheets-root=\"1\" data-sheets-value=\"{\"1\":2,\"2\":\"Les mobil-homes Premium et Premium Plus sont climatis\u00e9es.\"}\" data-sheets-userformat=\"{\"2\":7101,\"3\":{\"1\":0},\"5\":{\"1\":[{\"1\":2,\"2\":0,\"5\":{\"1\":2,\"2\":9221625}},{\"1\":0,\"2\":0,\"3\":3},{\"1\":1,\"2\":0,\"4\":1}]},\"6\":{\"1\":[{\"1\":2,\"2\":0,\"5\":{\"1\":2,\"2\":9221625}},{\"1\":0,\"2\":0,\"3\":3},{\"1\":1,\"2\":0,\"4\":1}]},\"7\":{\"1\":[{\"1\":2,\"2\":0,\"5\":{\"1\":2,\"2\":0}},{\"1\":0,\"2\":0,\"3\":3},{\"1\":1,\"2\":0,\"4\":1}]},\"8\":{\"1\":[{\"1\":2,\"2\":0,\"5\":{\"1\":2,\"2\":0}},{\"1\":0,\"2\":0,\"3\":3},{\"1\":1,\"2\":0,\"4\":1}]},\"10\":2,\"11\":0,\"12\":0,\"14\":{\"1\":2,\"2\":0},\"15\":\"Arial\"}\">De Premium en Premium Plus stacaravans hebben airconditioning.<\/span><\/p>\n                    <\/div>\r\n                <\/div>\r\n\r\n            \r\n\r\n                <div class=\"faq__item\" data-cat=\"huurwoningen\" data-track=\"question-heeft-de-stacaravan-een-televisie\">\r\n                    <div class=\"faq__item__question\">\r\n                        <p>Heeft de stacaravan een televisie?<\/p>\n                    <\/div>\r\n\r\n                    <div class=\"faq__item__reponse\">\r\n                        <p><span data-sheets-root=\"1\" data-sheets-value=\"{\"1\":2,\"2\":\"Oui, tous les mobil-homes sont \u00e9quip\u00e9s d'une t\u00e9l\u00e9vision.\"}\" data-sheets-userformat=\"{\"2\":7103,\"3\":{\"1\":0},\"4\":{\"1\":2,\"2\":14280701},\"5\":{\"1\":[{\"1\":2,\"2\":0,\"5\":{\"1\":2,\"2\":9221625}},{\"1\":0,\"2\":0,\"3\":3},{\"1\":1,\"2\":0,\"4\":1}]},\"6\":{\"1\":[{\"1\":2,\"2\":0,\"5\":{\"1\":2,\"2\":9221625}},{\"1\":0,\"2\":0,\"3\":3},{\"1\":1,\"2\":0,\"4\":1}]},\"7\":{\"1\":[{\"1\":2,\"2\":0,\"5\":{\"1\":2,\"2\":0}},{\"1\":0,\"2\":0,\"3\":3},{\"1\":1,\"2\":0,\"4\":1}]},\"8\":{\"1\":[{\"1\":2,\"2\":0,\"5\":{\"1\":2,\"2\":0}},{\"1\":0,\"2\":0,\"3\":3},{\"1\":1,\"2\":0,\"4\":1}]},\"10\":2,\"11\":0,\"12\":0,\"14\":{\"1\":2,\"2\":0},\"15\":\"Arial\"}\">Ja, alle stacaravans zijn uitgerust met een televisie.<\/span><\/p>\n                    <\/div>\r\n                <\/div>\r\n\r\n            \r\n\r\n                <div class=\"faq__item\" data-cat=\"huurwoningen\" data-track=\"question-zijn-er-lakens-en-handdoeken-aanwezig\">\r\n                    <div class=\"faq__item__question\">\r\n                        <p>Zijn er lakens en handdoeken aanwezig?<\/p>\n                    <\/div>\r\n\r\n                    <div class=\"faq__item__reponse\">\r\n                        <p><span data-sheets-root=\"1\" data-sheets-value=\"{\"1\":2,\"2\":\"Non, les draps et le linge de toilette sont en suppl\u00e9ment.\"}\" data-sheets-userformat=\"{\"2\":7101,\"3\":{\"1\":0},\"5\":{\"1\":[{\"1\":2,\"2\":0,\"5\":{\"1\":2,\"2\":9221625}},{\"1\":0,\"2\":0,\"3\":3},{\"1\":1,\"2\":0,\"4\":1}]},\"6\":{\"1\":[{\"1\":2,\"2\":0,\"5\":{\"1\":2,\"2\":9221625}},{\"1\":0,\"2\":0,\"3\":3},{\"1\":1,\"2\":0,\"4\":1}]},\"7\":{\"1\":[{\"1\":2,\"2\":0,\"5\":{\"1\":2,\"2\":0}},{\"1\":0,\"2\":0,\"3\":3},{\"1\":1,\"2\":0,\"4\":1}]},\"8\":{\"1\":[{\"1\":2,\"2\":0,\"5\":{\"1\":2,\"2\":0}},{\"1\":0,\"2\":0,\"3\":3},{\"1\":1,\"2\":0,\"4\":1}]},\"10\":2,\"11\":0,\"12\":0,\"14\":{\"1\":2,\"2\":0},\"15\":\"Arial\"}\">Nee, lakens en handdoeken zijn extra.<\/span><\/p>\n                    <\/div>\r\n                <\/div>\r\n\r\n            \r\n\r\n                <div class=\"faq__item\" data-cat=\"huurwoningen\" data-track=\"question-kan-ik-een-tweede-voertuig-bij-mijn-stacaravan-parkeren\">\r\n                    <div class=\"faq__item__question\">\r\n                        <p>Kan ik een tweede voertuig bij mijn stacaravan parkeren?<\/p>\n                    <\/div>\r\n\r\n                    <div class=\"faq__item__reponse\">\r\n                        <p><span data-sheets-root=\"1\" data-sheets-value=\"{\"1\":2,\"2\":\"Non, il n'est pas possible de garer un second v\u00e9hicule pr\u00e8s du mobil-home.\"}\" data-sheets-userformat=\"{\"2\":7103,\"3\":{\"1\":0},\"4\":{\"1\":2,\"2\":14280701},\"5\":{\"1\":[{\"1\":2,\"2\":0,\"5\":{\"1\":2,\"2\":9221625}},{\"1\":0,\"2\":0,\"3\":3},{\"1\":1,\"2\":0,\"4\":1}]},\"6\":{\"1\":[{\"1\":2,\"2\":0,\"5\":{\"1\":2,\"2\":9221625}},{\"1\":0,\"2\":0,\"3\":3},{\"1\":1,\"2\":0,\"4\":1}]},\"7\":{\"1\":[{\"1\":2,\"2\":0,\"5\":{\"1\":2,\"2\":0}},{\"1\":0,\"2\":0,\"3\":3},{\"1\":1,\"2\":0,\"4\":1}]},\"8\":{\"1\":[{\"1\":2,\"2\":0,\"5\":{\"1\":2,\"2\":0}},{\"1\":0,\"2\":0,\"3\":3},{\"1\":1,\"2\":0,\"4\":1}]},\"10\":2,\"11\":0,\"12\":0,\"14\":{\"1\":2,\"2\":0},\"15\":\"Arial\"}\">Nee, het is niet mogelijk om een tweede voertuig bij de stacaravan te parkeren.<\/span><\/p>\n                    <\/div>\r\n                <\/div>\r\n\r\n            \r\n\r\n                <div class=\"faq__item\" data-cat=\"huurwoningen\" data-track=\"question-wat-is-het-minimum-aantal-nachten-voor-een-huur\">\r\n                    <div class=\"faq__item__question\">\r\n                        <p>Wat is het minimum aantal nachten voor een huur?<\/p>\n                    <\/div>\r\n\r\n                    <div class=\"faq__item__reponse\">\r\n                        <p><span data-sheets-root=\"1\" data-sheets-value=\"{\"1\":2,\"2\":\"Le nombre minimum est d'une nuit uniquement en avril\/mai\/juin et septembre.\"}\" data-sheets-userformat=\"{\"2\":7101,\"3\":{\"1\":0},\"5\":{\"1\":[{\"1\":2,\"2\":0,\"5\":{\"1\":2,\"2\":9221625}},{\"1\":0,\"2\":0,\"3\":3},{\"1\":1,\"2\":0,\"4\":1}]},\"6\":{\"1\":[{\"1\":2,\"2\":0,\"5\":{\"1\":2,\"2\":9221625}},{\"1\":0,\"2\":0,\"3\":3},{\"1\":1,\"2\":0,\"4\":1}]},\"7\":{\"1\":[{\"1\":2,\"2\":0,\"5\":{\"1\":2,\"2\":0}},{\"1\":0,\"2\":0,\"3\":3},{\"1\":1,\"2\":0,\"4\":1}]},\"8\":{\"1\":[{\"1\":2,\"2\":0,\"5\":{\"1\":2,\"2\":0}},{\"1\":0,\"2\":0,\"3\":3},{\"1\":1,\"2\":0,\"4\":1}]},\"10\":2,\"11\":0,\"12\":0,\"14\":{\"1\":2,\"2\":0},\"15\":\"Arial\"}\">Het minimumaantal nachten is \u00e9\u00e9n , alleen in april\/mei\/juni en september.<\/span><\/p>\n                    <\/div>\r\n                <\/div>\r\n\r\n            \r\n\r\n                <div class=\"faq__item\" data-cat=\"huurwoningen\" data-track=\"question-hoe-groot-zijn-de-bedden\">\r\n                    <div class=\"faq__item__question\">\r\n                        <p>Hoe groot zijn de bedden?<\/p>\n                    <\/div>\r\n\r\n                    <div class=\"faq__item__reponse\">\r\n                        <p><span data-sheets-root=\"1\" data-sheets-value=\"{\"1\":2,\"2\":\"La taille des lits est de 140 cm ou 160 cm pour les lits doubles et 90 cm pour les petits lits.\"}\" data-sheets-userformat=\"{\"2\":7103,\"3\":{\"1\":0},\"4\":{\"1\":2,\"2\":14280701},\"5\":{\"1\":[{\"1\":2,\"2\":0,\"5\":{\"1\":2,\"2\":9221625}},{\"1\":0,\"2\":0,\"3\":3},{\"1\":1,\"2\":0,\"4\":1}]},\"6\":{\"1\":[{\"1\":2,\"2\":0,\"5\":{\"1\":2,\"2\":9221625}},{\"1\":0,\"2\":0,\"3\":3},{\"1\":1,\"2\":0,\"4\":1}]},\"7\":{\"1\":[{\"1\":2,\"2\":0,\"5\":{\"1\":2,\"2\":0}},{\"1\":0,\"2\":0,\"3\":3},{\"1\":1,\"2\":0,\"4\":1}]},\"8\":{\"1\":[{\"1\":2,\"2\":0,\"5\":{\"1\":2,\"2\":0}},{\"1\":0,\"2\":0,\"3\":3},{\"1\":1,\"2\":0,\"4\":1}]},\"10\":2,\"11\":0,\"12\":0,\"14\":{\"1\":2,\"2\":0},\"15\":\"Arial\"}\">De bedden zijn 140 cm of 160 cm voor tweepersoonsbedden en 90 cm voor eenpersoonsbedden.<\/span><\/p>\n                    <\/div>\r\n                <\/div>\r\n\r\n            \r\n\r\n                <div class=\"faq__item\" data-cat=\"huurwoningen\" data-track=\"question-is-er-verwarming-in-de-accommodatie\">\r\n                    <div class=\"faq__item__question\">\r\n                        <p>Is er verwarming in de accommodatie?<\/p>\n                    <\/div>\r\n\r\n                    <div class=\"faq__item__reponse\">\r\n                        <p><span data-sheets-root=\"1\" data-sheets-value=\"{\"1\":2,\"2\":\"Oui, les h\u00e9bergements sont chauff\u00e9s, except\u00e9es les cabanes lodges.\"}\" data-sheets-userformat=\"{\"2\":7101,\"3\":{\"1\":0},\"5\":{\"1\":[{\"1\":2,\"2\":0,\"5\":{\"1\":2,\"2\":9221625}},{\"1\":0,\"2\":0,\"3\":3},{\"1\":1,\"2\":0,\"4\":1}]},\"6\":{\"1\":[{\"1\":2,\"2\":0,\"5\":{\"1\":2,\"2\":9221625}},{\"1\":0,\"2\":0,\"3\":3},{\"1\":1,\"2\":0,\"4\":1}]},\"7\":{\"1\":[{\"1\":2,\"2\":0,\"5\":{\"1\":2,\"2\":0}},{\"1\":0,\"2\":0,\"3\":3},{\"1\":1,\"2\":0,\"4\":1}]},\"8\":{\"1\":[{\"1\":2,\"2\":0,\"5\":{\"1\":2,\"2\":0}},{\"1\":0,\"2\":0,\"3\":3},{\"1\":1,\"2\":0,\"4\":1}]},\"10\":2,\"11\":0,\"12\":0,\"14\":{\"1\":2,\"2\":0},\"15\":\"Arial\"}\">Ja, de accommodatie is verwarmd, behalve de lodges.<\/span><\/p>\n                    <\/div>\r\n                <\/div>\r\n\r\n            \r\n\r\n                <div class=\"faq__item\" data-cat=\"kampeerplaats\" data-track=\"question-is-het-mogelijk-om-een-koelkast-te-huren-voor-campers\">\r\n                    <div class=\"faq__item__question\">\r\n                        <p>Is het mogelijk om een koelkast te huren voor campers?<\/p>\n                    <\/div>\r\n\r\n                    <div class=\"faq__item__reponse\">\r\n                        <p><span data-sheets-root=\"1\" data-sheets-value=\"{\"1\":2,\"2\":\"Oui, vous pouvez louer un frigo au prix de 7 euros la journ\u00e9e.\"}\" data-sheets-userformat=\"{\"2\":7103,\"3\":{\"1\":0},\"4\":{\"1\":2,\"2\":14280701},\"5\":{\"1\":[{\"1\":2,\"2\":0,\"5\":{\"1\":2,\"2\":9221625}},{\"1\":0,\"2\":0,\"3\":3},{\"1\":1,\"2\":0,\"4\":1}]},\"6\":{\"1\":[{\"1\":2,\"2\":0,\"5\":{\"1\":2,\"2\":9221625}},{\"1\":0,\"2\":0,\"3\":3},{\"1\":1,\"2\":0,\"4\":1}]},\"7\":{\"1\":[{\"1\":2,\"2\":0,\"5\":{\"1\":2,\"2\":0}},{\"1\":0,\"2\":0,\"3\":3},{\"1\":1,\"2\":0,\"4\":1}]},\"8\":{\"1\":[{\"1\":2,\"2\":0,\"5\":{\"1\":2,\"2\":0}},{\"1\":0,\"2\":0,\"3\":3},{\"1\":1,\"2\":0,\"4\":1}]},\"10\":2,\"11\":0,\"12\":0,\"14\":{\"1\":2,\"2\":0},\"15\":\"Arial\"}\">Ja, je kunt een koelkast huren voor 7 euro per dag.<\/span><\/p>\n                    <\/div>\r\n                <\/div>\r\n\r\n            \r\n\r\n                <div class=\"faq__item\" data-cat=\"kampeerplaats\" data-track=\"question-zijn-water-en-elektriciteit-inbegrepen-in-de-prijs-van-de-staanplaats\">\r\n                    <div class=\"faq__item__question\">\r\n                        <p>Zijn water en elektriciteit inbegrepen in de prijs van de staanplaats?<\/p>\n                    <\/div>\r\n\r\n                    <div class=\"faq__item__reponse\">\r\n                        <p><span data-sheets-root=\"1\" data-sheets-value=\"{\"1\":2,\"2\":\"Oui.\"}\" data-sheets-userformat=\"{\"2\":7101,\"3\":{\"1\":0},\"5\":{\"1\":[{\"1\":2,\"2\":0,\"5\":{\"1\":2,\"2\":9221625}},{\"1\":0,\"2\":0,\"3\":3},{\"1\":1,\"2\":0,\"4\":1}]},\"6\":{\"1\":[{\"1\":2,\"2\":0,\"5\":{\"1\":2,\"2\":9221625}},{\"1\":0,\"2\":0,\"3\":3},{\"1\":1,\"2\":0,\"4\":1}]},\"7\":{\"1\":[{\"1\":2,\"2\":0,\"5\":{\"1\":2,\"2\":0}},{\"1\":0,\"2\":0,\"3\":3},{\"1\":1,\"2\":0,\"4\":1}]},\"8\":{\"1\":[{\"1\":2,\"2\":0,\"5\":{\"1\":2,\"2\":0}},{\"1\":0,\"2\":0,\"3\":3},{\"1\":1,\"2\":0,\"4\":1}]},\"10\":2,\"11\":0,\"12\":0,\"14\":{\"1\":2,\"2\":0},\"15\":\"Arial\"}\">Ja.<\/span><\/p>\n                    <\/div>\r\n                <\/div>\r\n\r\n            \r\n\r\n                <div class=\"faq__item\" data-cat=\"kampeerplaats\" data-track=\"question-is-er-op-elke-kampeerplaats-water-beschikbaar\">\r\n                    <div class=\"faq__item__question\">\r\n                        <p>Is er op elke kampeerplaats water beschikbaar?<\/p>\n                    <\/div>\r\n\r\n                    <div class=\"faq__item__reponse\">\r\n                        <p><span data-sheets-root=\"1\" data-sheets-value=\"{\"1\":2,\"2\":\"Oui.\"}\" data-sheets-userformat=\"{\"2\":7103,\"3\":{\"1\":0},\"4\":{\"1\":2,\"2\":14280701},\"5\":{\"1\":[{\"1\":2,\"2\":0,\"5\":{\"1\":2,\"2\":9221625}},{\"1\":0,\"2\":0,\"3\":3},{\"1\":1,\"2\":0,\"4\":1}]},\"6\":{\"1\":[{\"1\":2,\"2\":0,\"5\":{\"1\":2,\"2\":9221625}},{\"1\":0,\"2\":0,\"3\":3},{\"1\":1,\"2\":0,\"4\":1}]},\"7\":{\"1\":[{\"1\":2,\"2\":0,\"5\":{\"1\":2,\"2\":0}},{\"1\":0,\"2\":0,\"3\":3},{\"1\":1,\"2\":0,\"4\":1}]},\"8\":{\"1\":[{\"1\":2,\"2\":0,\"5\":{\"1\":2,\"2\":0}},{\"1\":0,\"2\":0,\"3\":3},{\"1\":1,\"2\":0,\"4\":1}]},\"10\":2,\"11\":0,\"12\":0,\"14\":{\"1\":2,\"2\":0},\"15\":\"Arial\"}\">Ja.<\/span><\/p>\n                    <\/div>\r\n                <\/div>\r\n\r\n            \r\n\r\n                <div class=\"faq__item\" data-cat=\"kampeerplaats\" data-track=\"question-bieden-jullie-ook-lange-verblijven-aan\">\r\n                    <div class=\"faq__item__question\">\r\n                        <p>Bieden jullie ook lange verblijven aan?<\/p>\n                    <\/div>\r\n\r\n                    <div class=\"faq__item__reponse\">\r\n                        <p><span data-sheets-root=\"1\" data-sheets-value=\"{\"1\":2,\"2\":\"Nous proposons des s\u00e9jours longue dur\u00e9e de 3 semaines et cure thermale.\"}\" data-sheets-userformat=\"{\"2\":7101,\"3\":{\"1\":0},\"5\":{\"1\":[{\"1\":2,\"2\":0,\"5\":{\"1\":2,\"2\":9221625}},{\"1\":0,\"2\":0,\"3\":3},{\"1\":1,\"2\":0,\"4\":1}]},\"6\":{\"1\":[{\"1\":2,\"2\":0,\"5\":{\"1\":2,\"2\":9221625}},{\"1\":0,\"2\":0,\"3\":3},{\"1\":1,\"2\":0,\"4\":1}]},\"7\":{\"1\":[{\"1\":2,\"2\":0,\"5\":{\"1\":2,\"2\":0}},{\"1\":0,\"2\":0,\"3\":3},{\"1\":1,\"2\":0,\"4\":1}]},\"8\":{\"1\":[{\"1\":2,\"2\":0,\"5\":{\"1\":2,\"2\":0}},{\"1\":0,\"2\":0,\"3\":3},{\"1\":1,\"2\":0,\"4\":1}]},\"10\":2,\"11\":0,\"12\":0,\"14\":{\"1\":2,\"2\":0},\"15\":\"Arial\"}\">We bieden lange verblijven van 3 weken en spabehandelingen.<\/span><\/p>\n                    <\/div>\r\n                <\/div>\r\n\r\n            \r\n\r\n                <div class=\"faq__item\" data-cat=\"kampeerplaats\" data-track=\"question-welk-type-stopcontact-wordt-er-gebruikt-op-de-staanplaatsen\">\r\n                    <div class=\"faq__item__question\">\r\n                        <p>Welk type stopcontact wordt er gebruikt op de staanplaatsen?<\/p>\n                    <\/div>\r\n\r\n                    <div class=\"faq__item__reponse\">\r\n                        <p><span data-sheets-root=\"1\" data-sheets-value=\"{\"1\":2,\"2\":\"Des prises europ\u00e9ennes.\"}\" data-sheets-userformat=\"{\"2\":7103,\"3\":{\"1\":0},\"4\":{\"1\":2,\"2\":14280701},\"5\":{\"1\":[{\"1\":2,\"2\":0,\"5\":{\"1\":2,\"2\":9221625}},{\"1\":0,\"2\":0,\"3\":3},{\"1\":1,\"2\":0,\"4\":1}]},\"6\":{\"1\":[{\"1\":2,\"2\":0,\"5\":{\"1\":2,\"2\":9221625}},{\"1\":0,\"2\":0,\"3\":3},{\"1\":1,\"2\":0,\"4\":1}]},\"7\":{\"1\":[{\"1\":2,\"2\":0,\"5\":{\"1\":2,\"2\":0}},{\"1\":0,\"2\":0,\"3\":3},{\"1\":1,\"2\":0,\"4\":1}]},\"8\":{\"1\":[{\"1\":2,\"2\":0,\"5\":{\"1\":2,\"2\":0}},{\"1\":0,\"2\":0,\"3\":3},{\"1\":1,\"2\":0,\"4\":1}]},\"10\":2,\"11\":0,\"12\":0,\"14\":{\"1\":2,\"2\":0},\"15\":\"Arial\"}\">Europese verkooppunten.<\/span><\/p>\n                    <\/div>\r\n                <\/div>\r\n\r\n            \r\n\r\n                <div class=\"faq__item\" data-cat=\"kampeerplaats\" data-track=\"question-wat-is-de-maximaal-toegestane-grootte-voor-caravans-en-campers\">\r\n                    <div class=\"faq__item__question\">\r\n                        <p>Wat is de maximaal toegestane grootte voor caravans en campers?<\/p>\n                    <\/div>\r\n\r\n                    <div class=\"faq__item__reponse\">\r\n                        <p><span data-sheets-root=\"1\" data-sheets-value=\"{\"1\":2,\"2\":\"La dimension maximale accept\u00e9e est de 7,20 m.\"}\" data-sheets-userformat=\"{\"2\":7101,\"3\":{\"1\":0},\"5\":{\"1\":[{\"1\":2,\"2\":0,\"5\":{\"1\":2,\"2\":9221625}},{\"1\":0,\"2\":0,\"3\":3},{\"1\":1,\"2\":0,\"4\":1}]},\"6\":{\"1\":[{\"1\":2,\"2\":0,\"5\":{\"1\":2,\"2\":9221625}},{\"1\":0,\"2\":0,\"3\":3},{\"1\":1,\"2\":0,\"4\":1}]},\"7\":{\"1\":[{\"1\":2,\"2\":0,\"5\":{\"1\":2,\"2\":0}},{\"1\":0,\"2\":0,\"3\":3},{\"1\":1,\"2\":0,\"4\":1}]},\"8\":{\"1\":[{\"1\":2,\"2\":0,\"5\":{\"1\":2,\"2\":0}},{\"1\":0,\"2\":0,\"3\":3},{\"1\":1,\"2\":0,\"4\":1}]},\"10\":2,\"11\":0,\"12\":0,\"14\":{\"1\":2,\"2\":0},\"15\":\"Arial\"}\">De maximaal toegestane afmeting is 7,20 m.<\/span><\/p>\n                    <\/div>\r\n                <\/div>\r\n\r\n            \r\n\r\n                <div class=\"faq__item\" data-cat=\"kampeerplaats\" data-track=\"question-zijn-er-speciale-plaatsen-voor-campers\">\r\n                    <div class=\"faq__item__question\">\r\n                        <p>Zijn er speciale plaatsen voor campers?<\/p>\n                    <\/div>\r\n\r\n                    <div class=\"faq__item__reponse\">\r\n                        <p><span data-sheets-root=\"1\" data-sheets-value=\"{\"1\":2,\"2\":\"Non, il n'y a pas d'emplacements sp\u00e9cifiques pour les camping-car.\"}\" data-sheets-userformat=\"{\"2\":7103,\"3\":{\"1\":0},\"4\":{\"1\":2,\"2\":14280701},\"5\":{\"1\":[{\"1\":2,\"2\":0,\"5\":{\"1\":2,\"2\":9221625}},{\"1\":0,\"2\":0,\"3\":3},{\"1\":1,\"2\":0,\"4\":1}]},\"6\":{\"1\":[{\"1\":2,\"2\":0,\"5\":{\"1\":2,\"2\":9221625}},{\"1\":0,\"2\":0,\"3\":3},{\"1\":1,\"2\":0,\"4\":1}]},\"7\":{\"1\":[{\"1\":2,\"2\":0,\"5\":{\"1\":2,\"2\":0}},{\"1\":0,\"2\":0,\"3\":3},{\"1\":1,\"2\":0,\"4\":1}]},\"8\":{\"1\":[{\"1\":2,\"2\":0,\"5\":{\"1\":2,\"2\":0}},{\"1\":0,\"2\":0,\"3\":3},{\"1\":1,\"2\":0,\"4\":1}]},\"10\":2,\"11\":0,\"12\":0,\"14\":{\"1\":2,\"2\":0},\"15\":\"Arial\"}\">Nee, er zijn geen specifieke kampeerplaatsen voor campers.<\/span><\/p>\n                    <\/div>\r\n                <\/div>\r\n\r\n            \r\n\r\n                <div class=\"faq__item\" data-cat=\"kampeerplaats\" data-track=\"question-kunnen-de-toiletten-ter-plaatse-worden-geleegd\">\r\n                    <div class=\"faq__item__question\">\r\n                        <p>Kunnen de toiletten ter plaatse worden geleegd?<\/p>\n                    <\/div>\r\n\r\n                    <div class=\"faq__item__reponse\">\r\n                        <p><span data-sheets-root=\"1\" data-sheets-value=\"{\"1\":2,\"2\":\"Non, il n'est pas possible de vidanger les toilettes sur l'emplacement.\"}\" data-sheets-userformat=\"{\"2\":7101,\"3\":{\"1\":0},\"5\":{\"1\":[{\"1\":2,\"2\":0,\"5\":{\"1\":2,\"2\":9221625}},{\"1\":0,\"2\":0,\"3\":3},{\"1\":1,\"2\":0,\"4\":1}]},\"6\":{\"1\":[{\"1\":2,\"2\":0,\"5\":{\"1\":2,\"2\":9221625}},{\"1\":0,\"2\":0,\"3\":3},{\"1\":1,\"2\":0,\"4\":1}]},\"7\":{\"1\":[{\"1\":2,\"2\":0,\"5\":{\"1\":2,\"2\":0}},{\"1\":0,\"2\":0,\"3\":3},{\"1\":1,\"2\":0,\"4\":1}]},\"8\":{\"1\":[{\"1\":2,\"2\":0,\"5\":{\"1\":2,\"2\":0}},{\"1\":0,\"2\":0,\"3\":3},{\"1\":1,\"2\":0,\"4\":1}]},\"10\":2,\"11\":0,\"12\":0,\"14\":{\"1\":2,\"2\":0},\"15\":\"Arial\"}\">Nee, het is niet mogelijk om het toilet op het veld te legen.<\/span><\/p>\n                    <\/div>\r\n                <\/div>\r\n\r\n            \r\n\r\n                <div class=\"faq__item\" data-cat=\"zwembad\" data-track=\"question-is-het-zwembad-verwarmd\">\r\n                    <div class=\"faq__item__question\">\r\n                        <p>Is het zwembad verwarmd?<\/p>\n                    <\/div>\r\n\r\n                    <div class=\"faq__item__reponse\">\r\n                        <p><span data-sheets-root=\"1\" data-sheets-value=\"{\"1\":2,\"2\":\"Oui, la piscine est chauff\u00e9e \u00e0 29\u00b0C.\"}\" data-sheets-userformat=\"{\"2\":7103,\"3\":{\"1\":0},\"4\":{\"1\":2,\"2\":14280701},\"5\":{\"1\":[{\"1\":2,\"2\":0,\"5\":{\"1\":2,\"2\":9221625}},{\"1\":0,\"2\":0,\"3\":3},{\"1\":1,\"2\":0,\"4\":1}]},\"6\":{\"1\":[{\"1\":2,\"2\":0,\"5\":{\"1\":2,\"2\":9221625}},{\"1\":0,\"2\":0,\"3\":3},{\"1\":1,\"2\":0,\"4\":1}]},\"7\":{\"1\":[{\"1\":2,\"2\":0,\"5\":{\"1\":2,\"2\":0}},{\"1\":0,\"2\":0,\"3\":3},{\"1\":1,\"2\":0,\"4\":1}]},\"8\":{\"1\":[{\"1\":2,\"2\":0,\"5\":{\"1\":2,\"2\":0}},{\"1\":0,\"2\":0,\"3\":3},{\"1\":1,\"2\":0,\"4\":1}]},\"10\":2,\"11\":0,\"12\":0,\"14\":{\"1\":2,\"2\":0},\"15\":\"Arial\"}\">Ja, het <a href=\"https:\/\/www.leschevrefeuilles.com\/nl\/camping-royan-met-zwembad\/\">zwembad is verwarmd tot 29\u00b0C<\/a>.<\/span><\/p>\n                    <\/div>\r\n                <\/div>\r\n\r\n            \r\n\r\n                <div class=\"faq__item\" data-cat=\"zwembad\" data-track=\"question-is-er-toezicht-bij-het-zwembad\">\r\n                    <div class=\"faq__item__question\">\r\n                        <p>Is er toezicht bij het zwembad?<\/p>\n                    <\/div>\r\n\r\n                    <div class=\"faq__item__reponse\">\r\n                        <p><span data-sheets-root=\"1\" data-sheets-value=\"{\"1\":2,\"2\":\"Oui, la piscine est surveill\u00e9e en juillet et ao\u00fbt.\"}\" data-sheets-userformat=\"{\"2\":7101,\"3\":{\"1\":0},\"5\":{\"1\":[{\"1\":2,\"2\":0,\"5\":{\"1\":2,\"2\":9221625}},{\"1\":0,\"2\":0,\"3\":3},{\"1\":1,\"2\":0,\"4\":1}]},\"6\":{\"1\":[{\"1\":2,\"2\":0,\"5\":{\"1\":2,\"2\":9221625}},{\"1\":0,\"2\":0,\"3\":3},{\"1\":1,\"2\":0,\"4\":1}]},\"7\":{\"1\":[{\"1\":2,\"2\":0,\"5\":{\"1\":2,\"2\":0}},{\"1\":0,\"2\":0,\"3\":3},{\"1\":1,\"2\":0,\"4\":1}]},\"8\":{\"1\":[{\"1\":2,\"2\":0,\"5\":{\"1\":2,\"2\":0}},{\"1\":0,\"2\":0,\"3\":3},{\"1\":1,\"2\":0,\"4\":1}]},\"10\":2,\"11\":0,\"12\":0,\"14\":{\"1\":2,\"2\":0},\"15\":\"Arial\"}\">Ja, het zwembad is bewaakt in juli en augustus.<\/span><\/p>\n                    <\/div>\r\n                <\/div>\r\n\r\n            \r\n\r\n                <div class=\"faq__item\" data-cat=\"zwembad\" data-track=\"question-zijn-zwemshorts-toegestaan\">\r\n                    <div class=\"faq__item__question\">\r\n                        <p>Zijn zwemshorts toegestaan?<\/p>\n                    <\/div>\r\n\r\n                    <div class=\"faq__item__reponse\">\r\n                        <p><span data-sheets-root=\"1\" data-sheets-value=\"{\"1\":2,\"2\":\"Non, les shorts de bains ne sont pas autoris\u00e9s.\"}\" data-sheets-userformat=\"{\"2\":7103,\"3\":{\"1\":0},\"4\":{\"1\":2,\"2\":14280701},\"5\":{\"1\":[{\"1\":2,\"2\":0,\"5\":{\"1\":2,\"2\":9221625}},{\"1\":0,\"2\":0,\"3\":3},{\"1\":1,\"2\":0,\"4\":1}]},\"6\":{\"1\":[{\"1\":2,\"2\":0,\"5\":{\"1\":2,\"2\":9221625}},{\"1\":0,\"2\":0,\"3\":3},{\"1\":1,\"2\":0,\"4\":1}]},\"7\":{\"1\":[{\"1\":2,\"2\":0,\"5\":{\"1\":2,\"2\":0}},{\"1\":0,\"2\":0,\"3\":3},{\"1\":1,\"2\":0,\"4\":1}]},\"8\":{\"1\":[{\"1\":2,\"2\":0,\"5\":{\"1\":2,\"2\":0}},{\"1\":0,\"2\":0,\"3\":3},{\"1\":1,\"2\":0,\"4\":1}]},\"10\":2,\"11\":0,\"12\":0,\"14\":{\"1\":2,\"2\":0},\"15\":\"Arial\"}\">Nee, zwemshorts zijn niet toegestaan.<\/span><\/p>\n                    <\/div>\r\n                <\/div>\r\n\r\n            \r\n\r\n                <div class=\"faq__item\" data-cat=\"zwembad\" data-track=\"question-hebben-bezoekers-toegang-tot-het-zwembad-van-de-camping\">\r\n                    <div class=\"faq__item__question\">\r\n                        <p>Hebben bezoekers toegang tot het zwembad van de camping?<\/p>\n                    <\/div>\r\n\r\n                    <div class=\"faq__item__reponse\">\r\n                        <p><span data-sheets-root=\"1\" data-sheets-value=\"{\"1\":2,\"2\":\"Non, les visiteurs n'ont pas acc\u00e8s \u00e0 la piscine du camping.\"}\" data-sheets-userformat=\"{\"2\":7101,\"3\":{\"1\":0},\"5\":{\"1\":[{\"1\":2,\"2\":0,\"5\":{\"1\":2,\"2\":9221625}},{\"1\":0,\"2\":0,\"3\":3},{\"1\":1,\"2\":0,\"4\":1}]},\"6\":{\"1\":[{\"1\":2,\"2\":0,\"5\":{\"1\":2,\"2\":9221625}},{\"1\":0,\"2\":0,\"3\":3},{\"1\":1,\"2\":0,\"4\":1}]},\"7\":{\"1\":[{\"1\":2,\"2\":0,\"5\":{\"1\":2,\"2\":0}},{\"1\":0,\"2\":0,\"3\":3},{\"1\":1,\"2\":0,\"4\":1}]},\"8\":{\"1\":[{\"1\":2,\"2\":0,\"5\":{\"1\":2,\"2\":0}},{\"1\":0,\"2\":0,\"3\":3},{\"1\":1,\"2\":0,\"4\":1}]},\"10\":2,\"11\":0,\"12\":0,\"14\":{\"1\":2,\"2\":0},\"15\":\"Arial\"}\">Nee, bezoekers hebben geen toegang tot het zwembad van de camping.<\/span><\/p>\n                    <\/div>\r\n                <\/div>\r\n\r\n            \r\n\r\n                <div class=\"faq__item\" data-cat=\"zwembad\" data-track=\"question-wat-zijn-de-afmetingen-van-zwembaden\">\r\n                    <div class=\"faq__item__question\">\r\n                        <p>Wat zijn de afmetingen van zwembaden?<\/p>\n                    <\/div>\r\n\r\n                    <div class=\"faq__item__reponse\">\r\n                        <p><span data-sheets-root=\"1\" data-sheets-value=\"{\"1\":2,\"2\":\"La profondeur de la piscine va de 0,80 m \u00e0 1,50 m. La pataugeoire a une profondeur de 0,40 m.\"}\" data-sheets-userformat=\"{\"2\":7103,\"3\":{\"1\":0},\"4\":{\"1\":2,\"2\":14280701},\"5\":{\"1\":[{\"1\":2,\"2\":0,\"5\":{\"1\":2,\"2\":9221625}},{\"1\":0,\"2\":0,\"3\":3},{\"1\":1,\"2\":0,\"4\":1}]},\"6\":{\"1\":[{\"1\":2,\"2\":0,\"5\":{\"1\":2,\"2\":9221625}},{\"1\":0,\"2\":0,\"3\":3},{\"1\":1,\"2\":0,\"4\":1}]},\"7\":{\"1\":[{\"1\":2,\"2\":0,\"5\":{\"1\":2,\"2\":0}},{\"1\":0,\"2\":0,\"3\":3},{\"1\":1,\"2\":0,\"4\":1}]},\"8\":{\"1\":[{\"1\":2,\"2\":0,\"5\":{\"1\":2,\"2\":0}},{\"1\":0,\"2\":0,\"3\":3},{\"1\":1,\"2\":0,\"4\":1}]},\"10\":2,\"11\":0,\"12\":0,\"14\":{\"1\":2,\"2\":0},\"15\":\"Arial\"}\">Het zwembad is tussen 0,80 m en 1,50 m diep. Het peuterbad is 0,40 m diep. <\/span><\/p>\n                    <\/div>\r\n                <\/div>\r\n\r\n            \r\n\r\n                <div class=\"faq__item\" data-cat=\"zwembad\" data-track=\"question-wanneer-zijn-de-zwembaden-open\">\r\n                    <div class=\"faq__item__question\">\r\n                        <p>Wanneer zijn de zwembaden open?<\/p>\n                    <\/div>\r\n\r\n                    <div class=\"faq__item__reponse\">\r\n                        <p><span data-sheets-root=\"1\" data-sheets-value=\"{\"1\":2,\"2\":\"La piscine est ouverte de 10h \u00e0 19h en basse saison et de 10h \u00e0 20h en juillet\/aout.\"}\" data-sheets-userformat=\"{\"2\":7101,\"3\":{\"1\":0},\"5\":{\"1\":[{\"1\":2,\"2\":0,\"5\":{\"1\":2,\"2\":9221625}},{\"1\":0,\"2\":0,\"3\":3},{\"1\":1,\"2\":0,\"4\":1}]},\"6\":{\"1\":[{\"1\":2,\"2\":0,\"5\":{\"1\":2,\"2\":9221625}},{\"1\":0,\"2\":0,\"3\":3},{\"1\":1,\"2\":0,\"4\":1}]},\"7\":{\"1\":[{\"1\":2,\"2\":0,\"5\":{\"1\":2,\"2\":0}},{\"1\":0,\"2\":0,\"3\":3},{\"1\":1,\"2\":0,\"4\":1}]},\"8\":{\"1\":[{\"1\":2,\"2\":0,\"5\":{\"1\":2,\"2\":0}},{\"1\":0,\"2\":0,\"3\":3},{\"1\":1,\"2\":0,\"4\":1}]},\"10\":2,\"11\":0,\"12\":0,\"14\":{\"1\":2,\"2\":0},\"15\":\"Arial\"}\">Het zwembad is geopend van 10.00 tot 19.00 uur in het laagseizoen en van 10.00 tot 20.00 uur in juli en augustus.<\/span><\/p>\n                    <\/div>\r\n                <\/div>\r\n\r\n            \r\n\r\n                <div class=\"faq__item\" data-cat=\"zwembad\" data-track=\"question-zijn-er-activiteiten-gepland-in-het-zwembad\">\r\n                    <div class=\"faq__item__question\">\r\n                        <p>Zijn er activiteiten gepland in het zwembad?<\/p>\n                    <\/div>\r\n\r\n                    <div class=\"faq__item__reponse\">\r\n                        <p><span data-sheets-root=\"1\" data-sheets-value=\"{\"1\":2,\"2\":\"Oui, il est possible de jouer au water polo.\"}\" data-sheets-userformat=\"{\"2\":7103,\"3\":{\"1\":0},\"4\":{\"1\":2,\"2\":14280701},\"5\":{\"1\":[{\"1\":2,\"2\":0,\"5\":{\"1\":2,\"2\":9221625}},{\"1\":0,\"2\":0,\"3\":3},{\"1\":1,\"2\":0,\"4\":1}]},\"6\":{\"1\":[{\"1\":2,\"2\":0,\"5\":{\"1\":2,\"2\":9221625}},{\"1\":0,\"2\":0,\"3\":3},{\"1\":1,\"2\":0,\"4\":1}]},\"7\":{\"1\":[{\"1\":2,\"2\":0,\"5\":{\"1\":2,\"2\":0}},{\"1\":0,\"2\":0,\"3\":3},{\"1\":1,\"2\":0,\"4\":1}]},\"8\":{\"1\":[{\"1\":2,\"2\":0,\"5\":{\"1\":2,\"2\":0}},{\"1\":0,\"2\":0,\"3\":3},{\"1\":1,\"2\":0,\"4\":1}]},\"10\":2,\"11\":0,\"12\":0,\"14\":{\"1\":2,\"2\":0},\"15\":\"Arial\"}\">Ja, je kunt waterpolo spelen.<\/span><\/p>\n                    <\/div>\r\n                <\/div>\r\n\r\n            \r\n\r\n                <div class=\"faq__item\" data-cat=\"diensten-en-evenementen\" data-track=\"question-hebben-jullie-een-kinderclub\">\r\n                    <div class=\"faq__item__question\">\r\n                        <p>Hebben jullie een kinderclub?<\/p>\n                    <\/div>\r\n\r\n                    <div class=\"faq__item__reponse\">\r\n                        <p><span data-sheets-root=\"1\" data-sheets-value=\"{\"1\":2,\"2\":\"Oui, le camping propose un club enfant.\"}\" data-sheets-userformat=\"{\"2\":7101,\"3\":{\"1\":0},\"5\":{\"1\":[{\"1\":2,\"2\":0,\"5\":{\"1\":2,\"2\":9221625}},{\"1\":0,\"2\":0,\"3\":3},{\"1\":1,\"2\":0,\"4\":1}]},\"6\":{\"1\":[{\"1\":2,\"2\":0,\"5\":{\"1\":2,\"2\":9221625}},{\"1\":0,\"2\":0,\"3\":3},{\"1\":1,\"2\":0,\"4\":1}]},\"7\":{\"1\":[{\"1\":2,\"2\":0,\"5\":{\"1\":2,\"2\":0}},{\"1\":0,\"2\":0,\"3\":3},{\"1\":1,\"2\":0,\"4\":1}]},\"8\":{\"1\":[{\"1\":2,\"2\":0,\"5\":{\"1\":2,\"2\":0}},{\"1\":0,\"2\":0,\"3\":3},{\"1\":1,\"2\":0,\"4\":1}]},\"10\":2,\"11\":0,\"12\":0,\"14\":{\"1\":2,\"2\":0},\"15\":\"Arial\"}\">Ja, de camping heeft een kinderclub.<\/span><\/p>\n                    <\/div>\r\n                <\/div>\r\n\r\n            \r\n\r\n                <div class=\"faq__item\" data-cat=\"diensten-en-evenementen\" data-track=\"question-moet-ik-betalen-voor-wifi\">\r\n                    <div class=\"faq__item__question\">\r\n                        <p>Moet ik betalen voor wifi?<\/p>\n                    <\/div>\r\n\r\n                    <div class=\"faq__item__reponse\">\r\n                        <p><span data-sheets-root=\"1\" data-sheets-value=\"{\"1\":2,\"2\":\"Non, la Wifi n'est pas payante.\"}\" data-sheets-userformat=\"{\"2\":7103,\"3\":{\"1\":0},\"4\":{\"1\":2,\"2\":14280701},\"5\":{\"1\":[{\"1\":2,\"2\":0,\"5\":{\"1\":2,\"2\":9221625}},{\"1\":0,\"2\":0,\"3\":3},{\"1\":1,\"2\":0,\"4\":1}]},\"6\":{\"1\":[{\"1\":2,\"2\":0,\"5\":{\"1\":2,\"2\":9221625}},{\"1\":0,\"2\":0,\"3\":3},{\"1\":1,\"2\":0,\"4\":1}]},\"7\":{\"1\":[{\"1\":2,\"2\":0,\"5\":{\"1\":2,\"2\":0}},{\"1\":0,\"2\":0,\"3\":3},{\"1\":1,\"2\":0,\"4\":1}]},\"8\":{\"1\":[{\"1\":2,\"2\":0,\"5\":{\"1\":2,\"2\":0}},{\"1\":0,\"2\":0,\"3\":3},{\"1\":1,\"2\":0,\"4\":1}]},\"10\":2,\"11\":0,\"12\":0,\"14\":{\"1\":2,\"2\":0},\"15\":\"Arial\"}\">Nee, je hoeft niet te betalen voor Wi-Fi.<\/span><\/p>\n                    <\/div>\r\n                <\/div>\r\n\r\n            \r\n\r\n                <div class=\"faq__item\" data-cat=\"diensten-en-evenementen\" data-track=\"question-moet-ik-betalen-voor-de-kinderclub\">\r\n                    <div class=\"faq__item__question\">\r\n                        <p>Moet ik betalen voor de kinderclub?<\/p>\n                    <\/div>\r\n\r\n                    <div class=\"faq__item__reponse\">\r\n                        <p><span data-sheets-root=\"1\" data-sheets-value=\"{\"1\":2,\"2\":\"Non, le club est gratuit.\"}\" data-sheets-userformat=\"{\"2\":7101,\"3\":{\"1\":0},\"5\":{\"1\":[{\"1\":2,\"2\":0,\"5\":{\"1\":2,\"2\":9221625}},{\"1\":0,\"2\":0,\"3\":3},{\"1\":1,\"2\":0,\"4\":1}]},\"6\":{\"1\":[{\"1\":2,\"2\":0,\"5\":{\"1\":2,\"2\":9221625}},{\"1\":0,\"2\":0,\"3\":3},{\"1\":1,\"2\":0,\"4\":1}]},\"7\":{\"1\":[{\"1\":2,\"2\":0,\"5\":{\"1\":2,\"2\":0}},{\"1\":0,\"2\":0,\"3\":3},{\"1\":1,\"2\":0,\"4\":1}]},\"8\":{\"1\":[{\"1\":2,\"2\":0,\"5\":{\"1\":2,\"2\":0}},{\"1\":0,\"2\":0,\"3\":3},{\"1\":1,\"2\":0,\"4\":1}]},\"10\":2,\"11\":0,\"12\":0,\"14\":{\"1\":2,\"2\":0},\"15\":\"Arial\"}\">Nee, de club is gratis.<\/span><\/p>\n                    <\/div>\r\n                <\/div>\r\n\r\n            \r\n\r\n                <div class=\"faq__item\" data-cat=\"diensten-en-evenementen\" data-track=\"question-zijn-animaties-inbegrepen\">\r\n                    <div class=\"faq__item__question\">\r\n                        <p>Zijn animaties inbegrepen?<\/p>\n                    <\/div>\r\n\r\n                    <div class=\"faq__item__reponse\">\r\n                        <p>Ja, <a href=\"https:\/\/www.leschevrefeuilles.com\/nl\/activiteiten-royan\/\">animatie<\/a> is inbegrepen.<\/p>\n                    <\/div>\r\n                <\/div>\r\n\r\n            \r\n\r\n                <div class=\"faq__item\" data-cat=\"diensten-en-evenementen\" data-track=\"question-is-het-mogelijk-om-ter-plaatse-fietsen-te-huren\">\r\n                    <div class=\"faq__item__question\">\r\n                        <p>Is het mogelijk om ter plaatse fietsen te huren?<\/p>\n                    <\/div>\r\n\r\n                    <div class=\"faq__item__reponse\">\r\n                        <p><span data-sheets-root=\"1\" data-sheets-value=\"{\"1\":2,\"2\":\"Non, le camping ne propose pas de locations de v\u00e9lo.\"}\" data-sheets-userformat=\"{\"2\":7101,\"3\":{\"1\":0},\"5\":{\"1\":[{\"1\":2,\"2\":0,\"5\":{\"1\":2,\"2\":9221625}},{\"1\":0,\"2\":0,\"3\":3},{\"1\":1,\"2\":0,\"4\":1}]},\"6\":{\"1\":[{\"1\":2,\"2\":0,\"5\":{\"1\":2,\"2\":9221625}},{\"1\":0,\"2\":0,\"3\":3},{\"1\":1,\"2\":0,\"4\":1}]},\"7\":{\"1\":[{\"1\":2,\"2\":0,\"5\":{\"1\":2,\"2\":0}},{\"1\":0,\"2\":0,\"3\":3},{\"1\":1,\"2\":0,\"4\":1}]},\"8\":{\"1\":[{\"1\":2,\"2\":0,\"5\":{\"1\":2,\"2\":0}},{\"1\":0,\"2\":0,\"3\":3},{\"1\":1,\"2\":0,\"4\":1}]},\"10\":2,\"11\":0,\"12\":0,\"14\":{\"1\":2,\"2\":0},\"15\":\"Arial\"}\">Nee, de camping verhuurt geen fietsen.<\/span><\/p>\n                    <\/div>\r\n                <\/div>\r\n\r\n            \r\n\r\n                <div class=\"faq__item\" data-cat=\"diensten-en-evenementen\" data-track=\"question-is-er-animatie-op-de-camping\">\r\n                    <div class=\"faq__item__question\">\r\n                        <p>Is er animatie op de camping?<\/p>\n                    <\/div>\r\n\r\n                    <div class=\"faq__item__reponse\">\r\n                        <p><span data-sheets-root=\"1\" data-sheets-value=\"{\"1\":2,\"2\":\"Oui, le camping propose des animations en pleine saison, en juillet et ao\u00fbt.\"}\" data-sheets-userformat=\"{\"2\":7103,\"3\":{\"1\":0},\"4\":{\"1\":2,\"2\":14280701},\"5\":{\"1\":[{\"1\":2,\"2\":0,\"5\":{\"1\":2,\"2\":9221625}},{\"1\":0,\"2\":0,\"3\":3},{\"1\":1,\"2\":0,\"4\":1}]},\"6\":{\"1\":[{\"1\":2,\"2\":0,\"5\":{\"1\":2,\"2\":9221625}},{\"1\":0,\"2\":0,\"3\":3},{\"1\":1,\"2\":0,\"4\":1}]},\"7\":{\"1\":[{\"1\":2,\"2\":0,\"5\":{\"1\":2,\"2\":0}},{\"1\":0,\"2\":0,\"3\":3},{\"1\":1,\"2\":0,\"4\":1}]},\"8\":{\"1\":[{\"1\":2,\"2\":0,\"5\":{\"1\":2,\"2\":0}},{\"1\":0,\"2\":0,\"3\":3},{\"1\":1,\"2\":0,\"4\":1}]},\"10\":2,\"11\":0,\"12\":0,\"14\":{\"1\":2,\"2\":0},\"15\":\"Arial\"}\">Ja, de camping biedt animatie op het hoogtepunt van het seizoen, in juli en augustus.<\/span><\/p>\n                    <\/div>\r\n                <\/div>\r\n\r\n            \r\n\r\n                <div class=\"faq__item\" data-cat=\"diensten-en-evenementen\" data-track=\"question-zijn-er-winkels-op-de-camping\">\r\n                    <div class=\"faq__item__question\">\r\n                        <p>Zijn er winkels op de camping?<\/p>\n                    <\/div>\r\n\r\n                    <div class=\"faq__item__reponse\">\r\n                        <p><span data-sheets-root=\"1\" data-sheets-value=\"{\"1\":2,\"2\":\"Oui, une \u00e9picerie est ouverte du mois d'avril \u00e0 fin septembre avec un dep\u00f4t de pain et de viennoiseries.\"}\" data-sheets-userformat=\"{\"2\":7101,\"3\":{\"1\":0},\"5\":{\"1\":[{\"1\":2,\"2\":0,\"5\":{\"1\":2,\"2\":9221625}},{\"1\":0,\"2\":0,\"3\":3},{\"1\":1,\"2\":0,\"4\":1}]},\"6\":{\"1\":[{\"1\":2,\"2\":0,\"5\":{\"1\":2,\"2\":0}},{\"1\":0,\"2\":0,\"3\":3},{\"1\":1,\"2\":0,\"4\":1}]},\"7\":{\"1\":[{\"1\":2,\"2\":0,\"5\":{\"1\":2,\"2\":0}},{\"1\":0,\"2\":0,\"3\":3},{\"1\":1,\"2\":0,\"4\":1}]},\"8\":{\"1\":[{\"1\":2,\"2\":0,\"5\":{\"1\":2,\"2\":0}},{\"1\":0,\"2\":0,\"3\":3},{\"1\":1,\"2\":0,\"4\":1}]},\"10\":2,\"11\":0,\"12\":0,\"14\":{\"1\":2,\"2\":0},\"15\":\"Arial\"}\">Ja, een kruidenierswinkel is open van april tot eind brood en gebak .<\/span><\/p>\n                    <\/div>\r\n                <\/div>\r\n\r\n            \r\n\r\n                <div class=\"faq__item\" data-cat=\"omgeving\" data-track=\"question-hoe-ver-is-de-camping-van-de-dichtstbijzijnde-winkels\">\r\n                    <div class=\"faq__item__question\">\r\n                        <p>Hoe ver is de camping van de dichtstbijzijnde winkels?<\/p>\n                    <\/div>\r\n\r\n                    <div class=\"faq__item__reponse\">\r\n                        <p><span data-sheets-root=\"1\" data-sheets-value=\"{\"1\":2,\"2\":\"Les commerces (boulangerie,primeur, \u00e9picerie) se situent \u00e0 800 m\u00e8tres du camping et la grande surface \u00e0 2 km.\"}\" data-sheets-userformat=\"{\"2\":7103,\"3\":{\"1\":0},\"4\":{\"1\":2,\"2\":14280701},\"5\":{\"1\":[{\"1\":2,\"2\":0,\"5\":{\"1\":2,\"2\":9221625}},{\"1\":0,\"2\":0,\"3\":3},{\"1\":1,\"2\":0,\"4\":1}]},\"6\":{\"1\":[{\"1\":2,\"2\":0,\"5\":{\"1\":2,\"2\":9221625}},{\"1\":0,\"2\":0,\"3\":3},{\"1\":1,\"2\":0,\"4\":1}]},\"7\":{\"1\":[{\"1\":2,\"2\":0,\"5\":{\"1\":2,\"2\":0}},{\"1\":0,\"2\":0,\"3\":3},{\"1\":1,\"2\":0,\"4\":1}]},\"8\":{\"1\":[{\"1\":2,\"2\":0,\"5\":{\"1\":2,\"2\":0}},{\"1\":0,\"2\":0,\"3\":3},{\"1\":1,\"2\":0,\"4\":1}]},\"10\":2,\"11\":0,\"12\":0,\"14\":{\"1\":2,\"2\":0},\"15\":\"Arial\"}\">Winkels (bakker, groenteboer, kruidenier) liggen op 800 meter van de camping, met een supermarkt op 2 km.<\/span><\/p>\n                    <\/div>\r\n                <\/div>\r\n\r\n            \r\n\r\n                <div class=\"faq__item\" data-cat=\"omgeving\" data-track=\"question-hoe-ver-ligt-de-camping-van-de-fietspaden\">\r\n                    <div class=\"faq__item__question\">\r\n                        <p>Hoe ver ligt de camping van de fietspaden?<\/p>\n                    <\/div>\r\n\r\n                    <div class=\"faq__item__reponse\">\r\n                        <p><span data-sheets-root=\"1\" data-sheets-value=\"{\"1\":2,\"2\":\"Le camping se trouve \u00e0 1 km des pistes cyclables.\"}\" data-sheets-userformat=\"{\"2\":7101,\"3\":{\"1\":0},\"5\":{\"1\":[{\"1\":2,\"2\":0,\"5\":{\"1\":2,\"2\":9221625}},{\"1\":0,\"2\":0,\"3\":3},{\"1\":1,\"2\":0,\"4\":1}]},\"6\":{\"1\":[{\"1\":2,\"2\":0,\"5\":{\"1\":2,\"2\":9221625}},{\"1\":0,\"2\":0,\"3\":3},{\"1\":1,\"2\":0,\"4\":1}]},\"7\":{\"1\":[{\"1\":2,\"2\":0,\"5\":{\"1\":2,\"2\":0}},{\"1\":0,\"2\":0,\"3\":3},{\"1\":1,\"2\":0,\"4\":1}]},\"8\":{\"1\":[{\"1\":2,\"2\":0,\"5\":{\"1\":2,\"2\":0}},{\"1\":0,\"2\":0,\"3\":3},{\"1\":1,\"2\":0,\"4\":1}]},\"10\":2,\"11\":0,\"12\":0,\"14\":{\"1\":2,\"2\":0},\"15\":\"Arial\"}\">De camping ligt op 1 km van de fietspaden.<\/span><\/p>\n                    <\/div>\r\n                <\/div>\r\n\r\n            \r\n\r\n                <div class=\"faq__item\" data-cat=\"omgeving\" data-track=\"question-hoe-ver-is-het-van-het-centrum-van-royan\">\r\n                    <div class=\"faq__item__question\">\r\n                        <p>Hoe ver is het van het centrum van Royan?<\/p>\n                    <\/div>\r\n\r\n                    <div class=\"faq__item__reponse\">\r\n                        <p><span data-sheets-root=\"1\" data-sheets-value=\"{\"1\":2,\"2\":\"Le camping se trouve \u00e0 3 km du centre-ville de Royan.\"}\" data-sheets-userformat=\"{\"2\":7103,\"3\":{\"1\":0},\"4\":{\"1\":2,\"2\":14280701},\"5\":{\"1\":[{\"1\":2,\"2\":0,\"5\":{\"1\":2,\"2\":9221625}},{\"1\":0,\"2\":0,\"3\":3},{\"1\":1,\"2\":0,\"4\":1}]},\"6\":{\"1\":[{\"1\":2,\"2\":0,\"5\":{\"1\":2,\"2\":9221625}},{\"1\":0,\"2\":0,\"3\":3},{\"1\":1,\"2\":0,\"4\":1}]},\"7\":{\"1\":[{\"1\":2,\"2\":0,\"5\":{\"1\":2,\"2\":0}},{\"1\":0,\"2\":0,\"3\":3},{\"1\":1,\"2\":0,\"4\":1}]},\"8\":{\"1\":[{\"1\":2,\"2\":0,\"5\":{\"1\":2,\"2\":0}},{\"1\":0,\"2\":0,\"3\":3},{\"1\":1,\"2\":0,\"4\":1}]},\"10\":2,\"11\":0,\"12\":0,\"14\":{\"1\":2,\"2\":0},\"15\":\"Arial\"}\">De camping ligt op 3 km van het centrum van Royan.<\/span><\/p>\n                    <\/div>\r\n                <\/div>\r\n\r\n            \r\n\r\n                <div class=\"faq__item\" data-cat=\"omgeving\" data-track=\"question-hoe-ver-ben-je-van-het-dichtstbijzijnde-vliegveld\">\r\n                    <div class=\"faq__item__question\">\r\n                        <p>Hoe ver ben je van het dichtstbijzijnde vliegveld?<\/p>\n                    <\/div>\r\n\r\n                    <div class=\"faq__item__reponse\">\r\n                        <p><span data-sheets-root=\"1\" data-sheets-value=\"{\"1\":2,\"2\":\"L'a\u00e9roport le plus proche se trouve \u00e0 140 km, \u00e0 Bordeaux.\"}\" data-sheets-userformat=\"{\"2\":7101,\"3\":{\"1\":0},\"5\":{\"1\":[{\"1\":2,\"2\":0,\"5\":{\"1\":2,\"2\":9221625}},{\"1\":0,\"2\":0,\"3\":3},{\"1\":1,\"2\":0,\"4\":1}]},\"6\":{\"1\":[{\"1\":2,\"2\":0,\"5\":{\"1\":2,\"2\":9221625}},{\"1\":0,\"2\":0,\"3\":3},{\"1\":1,\"2\":0,\"4\":1}]},\"7\":{\"1\":[{\"1\":2,\"2\":0,\"5\":{\"1\":2,\"2\":0}},{\"1\":0,\"2\":0,\"3\":3},{\"1\":1,\"2\":0,\"4\":1}]},\"8\":{\"1\":[{\"1\":2,\"2\":0,\"5\":{\"1\":2,\"2\":0}},{\"1\":0,\"2\":0,\"3\":3},{\"1\":1,\"2\":0,\"4\":1}]},\"10\":2,\"11\":0,\"12\":0,\"14\":{\"1\":2,\"2\":0},\"15\":\"Arial\"}\">Het dichtstbijzijnde vliegveld ligt op 140 km afstand, in Bordeaux.<\/span><\/p>\n                    <\/div>\r\n                <\/div>\r\n\r\n            \r\n\r\n                <div class=\"faq__item\" data-cat=\"omgeving\" data-track=\"question-is-er-een-pendeldienst-naar-het-strand-voor-de-camping\">\r\n                    <div class=\"faq__item__question\">\r\n                        <p>Is er een pendeldienst naar het strand voor de camping?<\/p>\n                    <\/div>\r\n\r\n                    <div class=\"faq__item__reponse\">\r\n                        <p><span data-sheets-root=\"1\" data-sheets-value=\"{\"1\":2,\"2\":\"Non, il n'y a pas de navettes vers la plage au camping.\"}\" data-sheets-userformat=\"{\"2\":7103,\"3\":{\"1\":0},\"4\":{\"1\":2,\"2\":14280701},\"5\":{\"1\":[{\"1\":2,\"2\":0,\"5\":{\"1\":2,\"2\":9221625}},{\"1\":0,\"2\":0,\"3\":3},{\"1\":1,\"2\":0,\"4\":1}]},\"6\":{\"1\":[{\"1\":2,\"2\":0,\"5\":{\"1\":2,\"2\":9221625}},{\"1\":0,\"2\":0,\"3\":3},{\"1\":1,\"2\":0,\"4\":1}]},\"7\":{\"1\":[{\"1\":2,\"2\":0,\"5\":{\"1\":2,\"2\":0}},{\"1\":0,\"2\":0,\"3\":3},{\"1\":1,\"2\":0,\"4\":1}]},\"8\":{\"1\":[{\"1\":2,\"2\":0,\"5\":{\"1\":2,\"2\":0}},{\"1\":0,\"2\":0,\"3\":3},{\"1\":1,\"2\":0,\"4\":1}]},\"10\":2,\"11\":0,\"12\":0,\"14\":{\"1\":2,\"2\":0},\"15\":\"Arial\"}\">Nee, er is geen pendeldienst naar het strand vanaf de camping.<\/span><\/p>\n                    <\/div>\r\n                <\/div>\r\n\r\n            \r\n\r\n                <div class=\"faq__item\" data-cat=\"omgeving\" data-track=\"question-waar-is-het-dichtstbijzijnde-sncf-station\">\r\n                    <div class=\"faq__item__question\">\r\n                        <p>Waar is het dichtstbijzijnde SNCF-station?<\/p>\n                    <\/div>\r\n\r\n                    <div class=\"faq__item__reponse\">\r\n                        <p><span data-sheets-root=\"1\" data-sheets-value=\"{\"1\":2,\"2\":\"La gare la plus proche est situ\u00e9e \u00e0 Royan, \u00e0 3 km du camping.\"}\" data-sheets-userformat=\"{\"2\":7101,\"3\":{\"1\":0},\"5\":{\"1\":[{\"1\":2,\"2\":0,\"5\":{\"1\":2,\"2\":9221625}},{\"1\":0,\"2\":0,\"3\":3},{\"1\":1,\"2\":0,\"4\":1}]},\"6\":{\"1\":[{\"1\":2,\"2\":0,\"5\":{\"1\":2,\"2\":9221625}},{\"1\":0,\"2\":0,\"3\":3},{\"1\":1,\"2\":0,\"4\":1}]},\"7\":{\"1\":[{\"1\":2,\"2\":0,\"5\":{\"1\":2,\"2\":0}},{\"1\":0,\"2\":0,\"3\":3},{\"1\":1,\"2\":0,\"4\":1}]},\"8\":{\"1\":[{\"1\":2,\"2\":0,\"5\":{\"1\":2,\"2\":0}},{\"1\":0,\"2\":0,\"3\":3},{\"1\":1,\"2\":0,\"4\":1}]},\"10\":2,\"11\":0,\"12\":0,\"14\":{\"1\":2,\"2\":0},\"15\":\"Arial\"}\">Het dichtstbijzijnde treinstation is in Royan, op 3 km van de camping.<\/span><\/p>\n                    <\/div>\r\n                <\/div>\r\n\r\n            \r\n\r\n                <div class=\"faq__item\" data-cat=\"omgeving\" data-track=\"question-waar-is-het-dichtstbijzijnde-strand\">\r\n                    <div class=\"faq__item__question\">\r\n                        <p>Waar is het dichtstbijzijnde strand?<\/p>\n                    <\/div>\r\n\r\n                    <div class=\"faq__item__reponse\">\r\n                        <p><span data-sheets-root=\"1\" data-sheets-value=\"{\"1\":2,\"2\":\"La plage de la Grande Conche est la plus proche du camping, \u00e0 5 km.\"}\" data-sheets-userformat=\"{\"2\":7103,\"3\":{\"1\":0},\"4\":{\"1\":2,\"2\":14280701},\"5\":{\"1\":[{\"1\":2,\"2\":0,\"5\":{\"1\":2,\"2\":9221625}},{\"1\":0,\"2\":0,\"3\":3},{\"1\":1,\"2\":0,\"4\":1}]},\"6\":{\"1\":[{\"1\":2,\"2\":0,\"5\":{\"1\":2,\"2\":9221625}},{\"1\":0,\"2\":0,\"3\":3},{\"1\":1,\"2\":0,\"4\":1}]},\"7\":{\"1\":[{\"1\":2,\"2\":0,\"5\":{\"1\":2,\"2\":0}},{\"1\":0,\"2\":0,\"3\":3},{\"1\":1,\"2\":0,\"4\":1}]},\"8\":{\"1\":[{\"1\":2,\"2\":0,\"5\":{\"1\":2,\"2\":0}},{\"1\":0,\"2\":0,\"3\":3},{\"1\":1,\"2\":0,\"4\":1}]},\"10\":2,\"11\":0,\"12\":0,\"14\":{\"1\":2,\"2\":0},\"15\":\"Arial\"}\">Het strand van Grande Conche ligt het dichtst bij de camping, op 5 km. Dit is de lijst met <a href=\"https:\/\/www.leschevrefeuilles.com\/nl\/alentours\/royan-plage\/\">stranden in Royan<\/a>. <\/span><\/p>\n                    <\/div>\r\n                <\/div>\r\n\r\n            \r\n\r\n                <div class=\"faq__item\" data-cat=\"omgeving\" data-track=\"question-waar-is-de-dichtstbijzijnde-geldautomaat\">\r\n                    <div class=\"faq__item__question\">\r\n                        <p>Waar is de dichtstbijzijnde geldautomaat?<\/p>\n                    <\/div>\r\n\r\n                    <div class=\"faq__item__reponse\">\r\n                        <p><span data-sheets-root=\"1\" data-sheets-value=\"{\"1\":2,\"2\":\"Le distributeur de billets le plus proche est \u00e0 2 km.\"}\" data-sheets-userformat=\"{\"2\":7101,\"3\":{\"1\":0},\"5\":{\"1\":[{\"1\":2,\"2\":0,\"5\":{\"1\":2,\"2\":9221625}},{\"1\":0,\"2\":0,\"3\":3},{\"1\":1,\"2\":0,\"4\":1}]},\"6\":{\"1\":[{\"1\":2,\"2\":0,\"5\":{\"1\":2,\"2\":9221625}},{\"1\":0,\"2\":0,\"3\":3},{\"1\":1,\"2\":0,\"4\":1}]},\"7\":{\"1\":[{\"1\":2,\"2\":0,\"5\":{\"1\":2,\"2\":0}},{\"1\":0,\"2\":0,\"3\":3},{\"1\":1,\"2\":0,\"4\":1}]},\"8\":{\"1\":[{\"1\":2,\"2\":0,\"5\":{\"1\":2,\"2\":0}},{\"1\":0,\"2\":0,\"3\":3},{\"1\":1,\"2\":0,\"4\":1}]},\"10\":2,\"11\":0,\"12\":0,\"14\":{\"1\":2,\"2\":0},\"15\":\"Arial\"}\">De dichtstbijzijnde geldautomaat ligt op 2 km afstand.<\/span><\/p>\n                    <\/div>\r\n                <\/div>\r\n\r\n            \r\n\r\n                <div class=\"faq__item\" data-cat=\"omgeving\" data-track=\"question-waar-en-wanneer-zijn-de-dichtstbijzijnde-markten\">\r\n                    <div class=\"faq__item__question\">\r\n                        <p>Waar en wanneer zijn de dichtstbijzijnde markten?<\/p>\n                    <\/div>\r\n\r\n                    <div class=\"faq__item__reponse\">\r\n                        <p><span data-sheets-root=\"1\" data-sheets-value=\"{\"1\":2,\"2\":\"Le march\u00e9 le plus proche est le march\u00e9 central de Royan, \u00e0 4 km du camping.\"}\" data-sheets-userformat=\"{\"2\":7103,\"3\":{\"1\":0},\"4\":{\"1\":2,\"2\":14280701},\"5\":{\"1\":[{\"1\":2,\"2\":0,\"5\":{\"1\":2,\"2\":9221625}},{\"1\":0,\"2\":0,\"3\":3},{\"1\":1,\"2\":0,\"4\":1}]},\"6\":{\"1\":[{\"1\":2,\"2\":0,\"5\":{\"1\":2,\"2\":9221625}},{\"1\":0,\"2\":0,\"3\":3},{\"1\":1,\"2\":0,\"4\":1}]},\"7\":{\"1\":[{\"1\":2,\"2\":0,\"5\":{\"1\":2,\"2\":0}},{\"1\":0,\"2\":0,\"3\":3},{\"1\":1,\"2\":0,\"4\":1}]},\"8\":{\"1\":[{\"1\":2,\"2\":0,\"5\":{\"1\":2,\"2\":0}},{\"1\":0,\"2\":0,\"3\":3},{\"1\":1,\"2\":0,\"4\":1}]},\"10\":2,\"11\":0,\"12\":0,\"14\":{\"1\":2,\"2\":0},\"15\":\"Arial\"}\">De dichtstbijzijnde markt is de centrale markt in Royan, op 4 km van de camping.<\/span><\/p>\n                    <\/div>\r\n                <\/div>\r\n\r\n            \r\n\r\n                <div class=\"faq__item\" data-cat=\"omgeving\" data-track=\"question-wat-is-het-dichtstbijzijnde-dorp\">\r\n                    <div class=\"faq__item__question\">\r\n                        <p>Wat is het dichtstbijzijnde dorp?<\/p>\n                    <\/div>\r\n\r\n                    <div class=\"faq__item__reponse\">\r\n                        <p><span data-sheets-root=\"1\" data-sheets-value=\"{\"1\":2,\"2\":\"Le village voisin le plus proche est Saint Sulpice de Royan .\"}\" data-sheets-userformat=\"{\"2\":7101,\"3\":{\"1\":0},\"5\":{\"1\":[{\"1\":2,\"2\":0,\"5\":{\"1\":2,\"2\":9221625}},{\"1\":0,\"2\":0,\"3\":3},{\"1\":1,\"2\":0,\"4\":1}]},\"6\":{\"1\":[{\"1\":2,\"2\":0,\"5\":{\"1\":2,\"2\":9221625}},{\"1\":0,\"2\":0,\"3\":3},{\"1\":1,\"2\":0,\"4\":1}]},\"7\":{\"1\":[{\"1\":2,\"2\":0,\"5\":{\"1\":2,\"2\":0}},{\"1\":0,\"2\":0,\"3\":3},{\"1\":1,\"2\":0,\"4\":1}]},\"8\":{\"1\":[{\"1\":2,\"2\":0,\"5\":{\"1\":2,\"2\":0}},{\"1\":0,\"2\":0,\"3\":3},{\"1\":1,\"2\":0,\"4\":1}]},\"10\":2,\"11\":0,\"12\":0,\"14\":{\"1\":2,\"2\":0},\"15\":\"Arial\"}\">Het dichtstbijzijnde naburige dorp is Saint Sulpice de Royan.<\/span><\/p>\n                    <\/div>\r\n                <\/div>\r\n\r\n            \r\n\r\n                <div class=\"faq__item\" data-cat=\"diverse\" data-track=\"question-hoe-dien-ik-een-claim-in\">\r\n                    <div class=\"faq__item__question\">\r\n                        <p>Hoe dien ik een claim in?<\/p>\n                    <\/div>\r\n\r\n                    <div class=\"faq__item__reponse\">\r\n                        <p><span data-sheets-root=\"1\" data-sheets-value=\"{\"1\":2,\"2\":\"Contactez directement le camping par mail pour faire une r\u00e9clamation.\"}\" data-sheets-userformat=\"{\"2\":7103,\"3\":{\"1\":0},\"4\":{\"1\":2,\"2\":14280701},\"5\":{\"1\":[{\"1\":2,\"2\":0,\"5\":{\"1\":2,\"2\":9221625}},{\"1\":0,\"2\":0,\"3\":3},{\"1\":1,\"2\":0,\"4\":1}]},\"6\":{\"1\":[{\"1\":2,\"2\":0,\"5\":{\"1\":2,\"2\":9221625}},{\"1\":0,\"2\":0,\"3\":3},{\"1\":1,\"2\":0,\"4\":1}]},\"7\":{\"1\":[{\"1\":2,\"2\":0,\"5\":{\"1\":2,\"2\":0}},{\"1\":0,\"2\":0,\"3\":3},{\"1\":1,\"2\":0,\"4\":1}]},\"8\":{\"1\":[{\"1\":2,\"2\":0,\"5\":{\"1\":2,\"2\":0}},{\"1\":0,\"2\":0,\"3\":3},{\"1\":1,\"2\":0,\"4\":1}]},\"10\":2,\"11\":0,\"12\":0,\"14\":{\"1\":2,\"2\":0},\"15\":\"Arial\"}\">Neem rechtstreeks per e-mail contact op met de camping om een klacht in te dienen.<\/span><\/p>\n                    <\/div>\r\n                <\/div>\r\n\r\n            \r\n\r\n                <div class=\"faq__item\" data-cat=\"diverse\" data-track=\"question-met-wie-moet-ik-contact-opnemen-in-geval-van-een-geschil\">\r\n                    <div class=\"faq__item__question\">\r\n                        <p>Met wie moet ik contact opnemen in geval van een geschil?<\/p>\n                    <\/div>\r\n\r\n                    <div class=\"faq__item__reponse\">\r\n                        <p><span data-sheets-root=\"1\" data-sheets-value=\"{\"1\":2,\"2\":\"Si vous avez une r\u00e9servation dans notre \u00e9tablissement, contactez le camping en cas de litige.\"}\" data-sheets-userformat=\"{\"2\":7101,\"3\":{\"1\":0},\"5\":{\"1\":[{\"1\":2,\"2\":0,\"5\":{\"1\":2,\"2\":9221625}},{\"1\":0,\"2\":0,\"3\":3},{\"1\":1,\"2\":0,\"4\":1}]},\"6\":{\"1\":[{\"1\":2,\"2\":0,\"5\":{\"1\":2,\"2\":9221625}},{\"1\":0,\"2\":0,\"3\":3},{\"1\":1,\"2\":0,\"4\":1}]},\"7\":{\"1\":[{\"1\":2,\"2\":0,\"5\":{\"1\":2,\"2\":0}},{\"1\":0,\"2\":0,\"3\":3},{\"1\":1,\"2\":0,\"4\":1}]},\"8\":{\"1\":[{\"1\":2,\"2\":0,\"5\":{\"1\":2,\"2\":0}},{\"1\":0,\"2\":0,\"3\":3},{\"1\":1,\"2\":0,\"4\":1}]},\"10\":2,\"11\":0,\"12\":0,\"14\":{\"1\":2,\"2\":0},\"15\":\"Arial\"}\">Als je een reservering bij ons hebt, neem dan contact op met de camping in geval van een geschil.<\/span><\/p>\n                    <\/div>\r\n                <\/div>\r\n\r\n            \r\n\r\n                <div class=\"faq__item\" data-cat=\"diverse\" data-track=\"question-waar-kan-ik-de-prijslijst-vinden\">\r\n                    <div class=\"faq__item__question\">\r\n                        <p>Waar kan ik de prijslijst vinden?<\/p>\n                    <\/div>\r\n\r\n                    <div class=\"faq__item__reponse\">\r\n                        <p>De prijslijst is beschikbaar op de website.<\/p>\n                    <\/div>\r\n                <\/div>\r\n\r\n            \r\n\r\n                <div class=\"faq__item\" data-cat=\"diverse\" data-track=\"question-wat-dekt-de-annuleringsverzekering\">\r\n                    <div class=\"faq__item__question\">\r\n                        <p>Wat dekt de annuleringsverzekering?<\/p>\n                    <\/div>\r\n\r\n                    <div class=\"faq__item__reponse\">\r\n                        <p><span data-sheets-root=\"1\" data-sheets-value=\"{\"1\":2,\"2\":\"L'assurance annulation couvre les raisons medicales, les raisons professionnelles, d\u00e9c\u00e8s et hospitalisation.\"}\" data-sheets-userformat=\"{\"2\":7101,\"3\":{\"1\":0},\"5\":{\"1\":[{\"1\":2,\"2\":0,\"5\":{\"1\":2,\"2\":9221625}},{\"1\":0,\"2\":0,\"3\":3},{\"1\":1,\"2\":0,\"4\":1}]},\"6\":{\"1\":[{\"1\":2,\"2\":0,\"5\":{\"1\":2,\"2\":9221625}},{\"1\":0,\"2\":0,\"3\":3},{\"1\":1,\"2\":0,\"4\":1}]},\"7\":{\"1\":[{\"1\":2,\"2\":0,\"5\":{\"1\":2,\"2\":0}},{\"1\":0,\"2\":0,\"3\":3},{\"1\":1,\"2\":0,\"4\":1}]},\"8\":{\"1\":[{\"1\":2,\"2\":0,\"5\":{\"1\":2,\"2\":0}},{\"1\":0,\"2\":0,\"3\":3},{\"1\":1,\"2\":0,\"4\":1}]},\"10\":2,\"11\":0,\"12\":0,\"14\":{\"1\":2,\"2\":0},\"15\":\"Arial\"}\">Een annuleringsverzekering dekt medische redenen, beroepsredenen, overlijden en ziekenhuisopname.<\/span><\/p>\n                    <\/div>\r\n                <\/div>\r\n\r\n            \r\n    <\/section>\r\n\r\n","protected":false},"excerpt":{"rendered":"<p>Veelgestelde vragen over kamperen in Royan Bekijk alle veelgestelde vragen over onze 4-sterren camping in Royan, Charente-Maritime. Je vindt er informatie over onze accommodatie, diensten, activiteiten en lokale voorzieningen. Als je nog vragen hebt, aarzel dan niet om contact met ons op te nemen per telefoon op 05 46 02 61 94 of per e-mail [&hellip;]<\/p>\n","protected":false},"author":1,"featured_media":0,"parent":0,"menu_order":0,"comment_status":"closed","ping_status":"closed","template":"","meta":[],"acf":[],"_links":{"self":[{"href":"https:\/\/www.leschevrefeuilles.com\/nl\/wp-json\/wp\/v2\/pages\/2869"}],"collection":[{"href":"https:\/\/www.leschevrefeuilles.com\/nl\/wp-json\/wp\/v2\/pages"}],"about":[{"href":"https:\/\/www.leschevrefeuilles.com\/nl\/wp-json\/wp\/v2\/types\/page"}],"author":[{"embeddable":true,"href":"https:\/\/www.leschevrefeuilles.com\/nl\/wp-json\/wp\/v2\/users\/1"}],"replies":[{"embeddable":true,"href":"https:\/\/www.leschevrefeuilles.com\/nl\/wp-json\/wp\/v2\/comments?post=2869"}],"version-history":[{"count":6,"href":"https:\/\/www.leschevrefeuilles.com\/nl\/wp-json\/wp\/v2\/pages\/2869\/revisions"}],"predecessor-version":[{"id":2878,"href":"https:\/\/www.leschevrefeuilles.com\/nl\/wp-json\/wp\/v2\/pages\/2869\/revisions\/2878"}],"wp:attachment":[{"href":"https:\/\/www.leschevrefeuilles.com\/nl\/wp-json\/wp\/v2\/media?parent=2869"}],"curies":[{"name":"wp","href":"https:\/\/api.w.org\/{rel}","templated":true}]}}